{"id":4286,"date":"2021-03-01T17:03:21","date_gmt":"2021-03-01T17:03:21","guid":{"rendered":"https:\/\/www.tcfca.com\/se-preparer\/?page_id=4286"},"modified":"2026-02-25T01:14:48","modified_gmt":"2026-02-25T01:14:48","slug":"tcf-canada-expression-ecrite","status":"publish","type":"page","link":"https:\/\/www.tcfca.com\/se-preparer\/tcf-canada-expression-ecrite\/","title":{"rendered":"TCF Canada Expression \u00c9crite 2026"},"content":{"rendered":"<h1 style=\"padding-left: 40px; text-align: center;\">TCF Canada Expression \u00c9crite 2026:<\/h1>\n<p><span style=\"text-decoration: underline;\"><strong>Les derniers sujets de l&rsquo;expression \u00e9crite qui se r\u00e9p\u00e8tent :<\/strong><\/span><\/p>\n<p><span style=\"font-size: 16px;\">Voici une liste des sujets de l\u2019expression \u00e9crite de l\u2019ann\u00e9e 2026:<\/span><\/p>\n<section class=\"elementor-section elementor-top-section elementor-element elementor-element-4008b35 elementor-section-boxed elementor-section-height-default elementor-section-height-default\" data-id=\"4008b35\" data-element_type=\"section\" data-e-type=\"section\" data-settings=\"{&quot;background_background&quot;:&quot;classic&quot;}\">\n<div class=\"elementor-container elementor-column-gap-default\">\n<div class=\"elementor-column elementor-col-50 elementor-top-column elementor-element elementor-element-482ebb6\" data-id=\"482ebb6\" data-element_type=\"column\" data-e-type=\"column\" data-settings=\"{&quot;background_background&quot;:&quot;classic&quot;}\">\n<div class=\"elementor-widget-wrap elementor-element-populated\">\n<div class=\"elementor-element elementor-element-706e22c elementor-widget elementor-widget-bdt-accordion\" data-id=\"706e22c\" data-element_type=\"widget\" data-e-type=\"widget\" data-widget_type=\"bdt-accordion.default\">\n<div class=\"elementor-widget-container\">\n<div class=\"bdt-ep-accordion-container\">\n<div id=\"bdt-ep-accordion-706e22c\" class=\"bdt-ep-accordion bdt-accordion\" data-bdt-accordion=\"{&quot;collapsible&quot;:true,&quot;multiple&quot;:false,&quot;transition&quot;:&quot;ease-in-out&quot;}\" data-settings=\"{&quot;id&quot;:&quot;bdt-ep-accordion-706e22c&quot;,&quot;activeHash&quot;:&quot;no&quot;,&quot;activeScrollspy&quot;:null,&quot;hashTopOffset&quot;:false,&quot;hashScrollspyTime&quot;:false,&quot;closeAllItemsOnMobile&quot;:false}\">\n<div class=\"bdt-ep-accordion-item bdt-open\">\n<div id=\"bdt-accordion-1\" class=\"bdt-ep-accordion-content bdt-accordion-content\" role=\"region\" aria-labelledby=\"bdt-ep-accordion-expression-crite-sujets-2026\">\n<p style=\"text-align: center;\"><strong><a class=\"row-title\" href=\"https:\/\/www.tcfca.com\/banque-des-sujets-du-tcf-canada-expression-ecrite\/\" aria-label=\"\u201cBanque des sujets du TCF Canada Expression \u00c9crite 2026\u201d (Edit)\">Banque des sujets du TCF Canada Expression \u00c9crite 2026<\/a><\/strong><\/p>\n<\/div>\n<\/div>\n<\/div>\n<\/div>\n<\/div>\n<\/div>\n<\/div>\n<\/div>\n<\/div>\n<\/section>\n<section class=\"elementor-section elementor-top-section elementor-element elementor-element-0a402ee elementor-section-boxed elementor-section-height-default elementor-section-height-default\" data-id=\"0a402ee\" data-element_type=\"section\" data-e-type=\"section\">\n<div class=\"elementor-container elementor-column-gap-default\">\n<div class=\"elementor-column elementor-col-100 elementor-top-column elementor-element elementor-element-ca3f777\" data-id=\"ca3f777\" data-element_type=\"column\" data-e-type=\"column\">\n<div class=\"elementor-widget-wrap elementor-element-populated\">\n<div class=\"elementor-element elementor-element-7074a97 elementor-widget-divider--view-line_icon elementor-view-default elementor-widget-divider--element-align-center elementor-widget elementor-widget-divider\" data-id=\"7074a97\" data-element_type=\"widget\" data-e-type=\"widget\" data-widget_type=\"divider.default\">\n<div class=\"elementor-widget-container\">\n<div class=\"elementor-divider\">\n<div class=\"elementor-icon elementor-divider__element\"><\/div>\n<\/div>\n<\/div>\n<\/div>\n<\/div>\n<\/div>\n<\/div>\n<\/section>\n<ul>\n<li>pour\u00a0<strong>partager les sujets<\/strong>\u00a0de votre session:\u00a0<a href=\"https:\/\/www.tcfca.com\/partager-les-sujets\/\" target=\"_blank\" rel=\"noopener\">cliquer ici<\/a><\/li>\n<li>pour rejoindre notre groupe\u00a0<strong>facebook<\/strong>:\u00a0<a href=\"https:\/\/www.facebook.com\/groups\/TCF.Canada.preparation\" target=\"_blank\" rel=\"noopener\">cliquer ici<\/a><\/li>\n<li>pour rejoindre notre groupe\u00a0<strong>Telegram<\/strong>:\u00a0<a href=\"https:\/\/t.me\/tcfcanada\" target=\"_blank\" rel=\"noopener\">cliquer ici<\/a><\/li>\n<li>Pour Les Sujets de la\u00a0<strong>CO et CE 2026<\/strong>\u00a0:\u00a0<a href=\"https:\/\/www.tcfenligne.com\/\/\" target=\"_blank\" rel=\"noopener\">cliquer ici<\/a><\/li>\n<\/ul>\n<p>&nbsp;<\/p>\n\t\t<div data-elementor-type=\"section\" data-elementor-id=\"11026\" class=\"elementor elementor-11026\" data-elementor-post-type=\"elementor_library\">\n\t\t\t\t\t<section class=\"elementor-section elementor-top-section elementor-element elementor-element-2e798c3b elementor-section-content-middle elementor-section-boxed elementor-section-height-default elementor-section-height-default\" data-id=\"2e798c3b\" data-element_type=\"section\" data-e-type=\"section\">\n\t\t\t\t\t\t<div class=\"elementor-container elementor-column-gap-default\">\n\t\t\t\t\t<div class=\"elementor-column elementor-col-33 elementor-top-column elementor-element elementor-element-1856ae39\" data-id=\"1856ae39\" data-element_type=\"column\" data-e-type=\"column\" data-settings=\"{&quot;background_background&quot;:&quot;classic&quot;}\">\n\t\t\t<div class=\"elementor-widget-wrap elementor-element-populated\">\n\t\t\t\t\t\t<div class=\"elementor-element elementor-element-5da0a91a elementor-widget elementor-widget-image\" data-id=\"5da0a91a\" data-element_type=\"widget\" data-e-type=\"widget\" data-widget_type=\"image.default\">\n\t\t\t\t<div class=\"elementor-widget-container\">\n\t\t\t\t\t\t\t\t\t\t\t\t\t\t\t<img fetchpriority=\"high\" decoding=\"async\" width=\"400\" height=\"424\" src=\"https:\/\/www.tcfca.com\/se-preparer\/wp-content\/uploads\/2025\/02\/book-CTAz-1-TCF-1.png\" class=\"attachment-full size-full wp-image-11022\" alt=\"\" srcset=\"https:\/\/www.tcfca.com\/se-preparer\/wp-content\/uploads\/2025\/02\/book-CTAz-1-TCF-1.png.webp 400w, https:\/\/www.tcfca.com\/se-preparer\/wp-content\/uploads\/2025\/02\/book-CTAz-1-TCF-1-283x300.png.webp 283w\" sizes=\"(max-width: 400px) 100vw, 400px\" \/>\t\t\t\t\t\t\t\t\t\t\t\t\t\t\t<\/div>\n\t\t\t\t<\/div>\n\t\t\t\t\t<\/div>\n\t\t<\/div>\n\t\t\t\t<div class=\"elementor-column elementor-col-66 elementor-top-column elementor-element elementor-element-1d837ca3\" data-id=\"1d837ca3\" data-element_type=\"column\" data-e-type=\"column\" data-settings=\"{&quot;background_background&quot;:&quot;classic&quot;}\">\n\t\t\t<div class=\"elementor-widget-wrap elementor-element-populated\">\n\t\t\t\t\t\t<section class=\"elementor-section elementor-inner-section elementor-element elementor-element-7db06f9 elementor-section-content-middle elementor-section-boxed elementor-section-height-default elementor-section-height-default\" data-id=\"7db06f9\" data-element_type=\"section\" data-e-type=\"section\">\n\t\t\t\t\t\t<div class=\"elementor-container elementor-column-gap-default\">\n\t\t\t\t\t<div class=\"elementor-column elementor-col-66 elementor-inner-column elementor-element elementor-element-3c135725\" data-id=\"3c135725\" data-element_type=\"column\" data-e-type=\"column\">\n\t\t\t<div class=\"elementor-widget-wrap elementor-element-populated\">\n\t\t\t\t\t\t<div class=\"elementor-element elementor-element-6b0f8796 elementor-widget elementor-widget-image-box\" data-id=\"6b0f8796\" data-element_type=\"widget\" data-e-type=\"widget\" data-widget_type=\"image-box.default\">\n\t\t\t\t<div class=\"elementor-widget-container\">\n\t\t\t\t\t<div class=\"elementor-image-box-wrapper\"><div class=\"elementor-image-box-content\"><h2 class=\"elementor-image-box-title\">Obtenez-le maintenant !<\/h2><p class=\"elementor-image-box-description\">R\u00e9ussissez le TCF Canada avec ce livre d'id\u00e9es incontournable, incluant les derni\u00e8res questions d'examen 2026. <b>Version PDF<\/b><\/p><\/div><\/div>\t\t\t\t<\/div>\n\t\t\t\t<\/div>\n\t\t\t\t\t<\/div>\n\t\t<\/div>\n\t\t\t\t<div class=\"elementor-column elementor-col-33 elementor-inner-column elementor-element elementor-element-532bdc3\" data-id=\"532bdc3\" data-element_type=\"column\" data-e-type=\"column\">\n\t\t\t<div class=\"elementor-widget-wrap elementor-element-populated\">\n\t\t\t\t\t\t<div class=\"elementor-element elementor-element-3efeb6a0 elementor-align-center elementor-invisible elementor-widget elementor-widget-button\" data-id=\"3efeb6a0\" data-element_type=\"widget\" data-e-type=\"widget\" data-settings=\"{&quot;_animation&quot;:&quot;fadeInUp&quot;}\" data-widget_type=\"button.default\">\n\t\t\t\t<div class=\"elementor-widget-container\">\n\t\t\t\t\t\t\t\t\t<div class=\"elementor-button-wrapper\">\n\t\t\t\t\t<a class=\"elementor-button elementor-button-link elementor-size-lg\" href=\"\/tcf-canada-sujets\">\n\t\t\t\t\t\t<span class=\"elementor-button-content-wrapper\">\n\t\t\t\t\t\t<span class=\"elementor-button-icon\">\n\t\t\t\t<i aria-hidden=\"true\" class=\"far fa-arrow-alt-circle-right\"><\/i>\t\t\t<\/span>\n\t\t\t\t\t\t\t\t\t<span class=\"elementor-button-text\">Obtenez-le maintenant!<\/span>\n\t\t\t\t\t<\/span>\n\t\t\t\t\t<\/a>\n\t\t\t\t<\/div>\n\t\t\t\t\t\t\t\t<\/div>\n\t\t\t\t<\/div>\n\t\t\t\t\t<\/div>\n\t\t<\/div>\n\t\t\t\t\t<\/div>\n\t\t<\/section>\n\t\t\t\t\t<\/div>\n\t\t<\/div>\n\t\t\t\t\t<\/div>\n\t\t<\/section>\n\t\t\t\t<\/div>\n\t\t\n<hr \/>\n<h1 style=\"text-align: center;\">TCF Canada Expression \u00c9crite<\/h1>\n<h2>Introduction<\/h2>\n<p><span style=\"font-size: 14pt;\">TCF Canada (Le Test de Connaissance du Fran\u00e7ais) est en guise d&rsquo;une \u00e9valuation officielle de la langue fran\u00e7aise exig\u00e9 pour la plupart des candidats \u00e0 l&rsquo;immigration vers le Canada. Nous mettons entre vos mains un guide avec tous les d\u00e9tails de l&rsquo;\u00e9preuve d&rsquo;expression \u00e9crite. Cela va vous aider certainement \u00e0 \u00e9valuer votre aptitude \u00e0 la communication par \u00e9crit en fran\u00e7ais.<\/span><\/p>\n<h2>l&rsquo;\u00c9preuve d&rsquo;Expression \u00c9crite du TCF Canada, il s&rsquo;agit de quoi?<\/h2>\n<p><span style=\"font-size: 14pt;\">Il s&rsquo;agit d&rsquo;une \u00e9preuve qui teste la capacit\u00e9 du candidat \u00e0 la r\u00e9daction des textes en fran\u00e7ais dans des contextes divers. Cette comp\u00e9tence est indispensable pour l&rsquo;int\u00e9gration au futur au sein de la soci\u00e9t\u00e9 canadienne, que ce soit pour des domaines administratifs, professionnels ou sur le niveau personnel. Cette \u00e9preuve est l&rsquo;une des quatre comp\u00e9tences de la langue fran\u00e7aises \u00e9valu\u00e9es officiellement par la IRCC (Immigration, R\u00e9fugi\u00e9s et Citoyennet\u00e9 Canada)<\/span><\/p>\n<h2>Quelle est l&rsquo;importance pour l&rsquo;Immigration au Canada ?<\/h2>\n<p><span style=\"font-size: 14pt;\">Les r\u00e9sultats des examens du TCF Canada sont convertis en NCLC (Niveaux de Comp\u00e9tence Linguistique Canadiens). Pour le programme d&rsquo;immigration recherch\u00e9, un niveau minimum est exig\u00e9. Un niveau NCLC 7 (\u00e9quivalent \u00e0 B2) est en g\u00e9n\u00e9ral recommand\u00e9 pour la majorit\u00e9 des programmes d&rsquo;immigration \u00e9conomique, \u00e0 titre d&rsquo;exemple l&rsquo;Entr\u00e9e Express. Les points du candidat dans la grille de s\u00e9lection peuvent remarquablement augmenter en cas d&rsquo;avoir r\u00e9alis\u00e9 des scores plus \u00e9lev\u00e9s en expression \u00e9crite.<\/span><\/p>\n<h2>Quels sont le format et la Structure de l&rsquo;\u00c9preuve d&rsquo;Expression \u00c9crite ?<\/h2>\n<p><span style=\"font-size: 14pt;\">L&rsquo;\u00e9preuve d&rsquo;expression \u00e9crite du TCF Canada est en forme de :<\/span><\/p>\n<ul>\n<li><span style=\"font-size: 14pt;\">T\u00e2ches de r\u00e9daction distinctes (trois t\u00e2ches) dont la dur\u00e9e totale est 60 minutes.<\/span><\/li>\n<li><span style=\"font-size: 14pt;\">\u00c9valuation des habilet\u00e9s \u00e0 communiquer, r\u00e9diger des textes et argumenter<\/span><\/li>\n<li><span style=\"font-size: 14pt;\">Difficult\u00e9 progressive des t\u00e2ches<\/span><\/li>\n<li><span style=\"font-size: 14pt;\">Outils et supports utilis\u00e9s : papiers ou appareils num\u00e9riques selon chaque centre d&rsquo;examen<\/span><\/li>\n<\/ul>\n<p><span style=\"font-size: 14pt;\">La structure susmentionn\u00e9e rend facile l&rsquo;\u00e9valuation approfondie des comp\u00e9tences r\u00e9dactionnelles chez le candidat, commen\u00e7ant par la simple communication quotidienne et arrivant \u00e0 exprimer ses opinions d&rsquo;une mani\u00e8re parfaitement \u00e9labor\u00e9e.<\/span><\/p>\n<h2><\/h2>\n<h2 style=\"text-align: center;\">Les 3 t\u00e2ches de TCF Canada Expression \u00c9crite en d\u00e9tail:<\/h2>\n<p>&nbsp;<\/p>\n<h3 style=\"text-align: center;\">T\u00e2che 1 : un court message (60-120 mots)<\/h3>\n<p><img decoding=\"async\" class=\"wp-image-25217 size-large aligncenter\" src=\"https:\/\/www.tcfca.com\/wp-content\/uploads\/2020\/08\/TCF-Canada-Expression-Ecrite-Tache-1-805x1024.png\" alt=\"TCF Canada Expression \u00c9crite T\u00e2che 1\" width=\"805\" height=\"1024\" \/><\/p>\n<p><span style=\"font-size: 14pt;\"><strong>Objectif :<\/strong> la r\u00e9daction d&rsquo;un message ayant pour but de d\u00e9crire, r\u00e9citer et\/ou expliquer, adress\u00e9 \u00e0 un ou des destinataires (la consigne pr\u00e9cise son\/leur statut).<\/span><\/p>\n<p><span style=\"font-size: 14pt;\"><strong>Format typique :<\/strong> Message, courrier \u00e9lectronique, post-it, etc.<\/span><\/p>\n<p><span style=\"font-size: 14pt;\"><strong>Comp\u00e9tences \u00e0 \u00e9valuer :<\/strong><\/span><\/p>\n<ul>\n<li><span style=\"font-size: 14pt;\">Comp\u00e9tence \u00e0 communiquer d&rsquo;une mani\u00e8re expressive et bien efficace<\/span><\/li>\n<li><span style=\"font-size: 14pt;\">Suivie des exigences du type de message<\/span><\/li>\n<li><span style=\"font-size: 14pt;\">Concordance de la situation de communication<\/span><\/li>\n<li><span style=\"font-size: 14pt;\">Habilit\u00e9 \u00e0 l&rsquo;utilisation du registre de langue<\/span><\/li>\n<li><span style=\"font-size: 14pt;\">Aptitude \u00e0 fournir les informations demand\u00e9es<\/span><\/li>\n<li><span style=\"font-size: 14pt;\">Capacit\u00e9 \u00e0 justifier son choix ou son attitude<\/span><\/li>\n<\/ul>\n<h4>Structure en d\u00e9tail d&rsquo;un courrier \u00e9lectronique (courriel) (forme tr\u00e8s fr\u00e9quente pour la t\u00e2che n\u00b0 1)<\/h4>\n<p><span style=\"font-size: 14pt;\"><strong>En-t\u00eate du courriel, on \u00e9crit:<\/strong><\/span><\/p>\n<ul>\n<li><span style=\"font-size: 14pt;\"><strong>De<\/strong> : Votre adresse \u00e9lectronique (souvent est donn\u00e9e dans l&rsquo;exercice)<\/span><\/li>\n<li><span style=\"font-size: 14pt;\"><strong>\u00c0<\/strong> : Adresse \u00e9lectronique du destinataire (est \u00e9galement souvent d\u00e9j\u00e0 donn\u00e9e)<\/span><\/li>\n<li><span style=\"font-size: 14pt;\"><strong>Objet<\/strong> : Titre court et descriptif pour r\u00e9sumer l&rsquo;objet de votre message (ex : \u00ab\u00a0Tes conseils pour mon s\u00e9jour \u00e0 Strasbourg\u00a0\u00bb)<\/span><\/li>\n<\/ul>\n<p><span style=\"font-size: 14pt;\"><strong>El\u00e9ments structurels du corps du message :<\/strong><\/span><\/p>\n<p><span style=\"font-size: 14pt;\"><strong>1. Formule d&rsquo;appel :<\/strong><\/span><\/p>\n<ul>\n<li><span style=\"font-size: 14pt;\"><strong>Formelle<\/strong> : \u00ab\u00a0Madame, Monsieur,\u00a0\u00bb \/ \u00ab\u00a0Bonjour Madame\/Monsieur\/ mesdames et messieurs\u00a0\u00bb<\/span><\/li>\n<li><span style=\"font-size: 14pt;\"><strong>Semi-formelle<\/strong> : \u00ab\u00a0Bonjour\/Bonsoir [pr\u00e9nom],\u00a0\u00bb<\/span><\/li>\n<li><span style=\"font-size: 14pt;\"><strong>Informelle<\/strong> : \u00ab\u00a0Salut [pr\u00e9nom],\u00a0\u00bb \/ \u00ab\u00a0Coucou [pr\u00e9nom].\u00a0\u00bb<\/span><\/li>\n<\/ul>\n<p><span style=\"font-size: 14pt;\"><strong>2. Introduction \u2013 but ou objectif du message :<\/strong><\/span><\/p>\n<ul>\n<li><span style=\"font-size: 14pt;\"><strong>Expressions tr\u00e8s fr\u00e9quentes<\/strong> : \u00ab\u00a0Je t&rsquo;\u00e9cris pour t&rsquo;annoncer &#8230;\u00a0\u00bb, \u00ab\u00a0Je me permets de vous contacter \u00e0 propos de&#8230;\u00a0\u00bb, \u00ab\u00a0Je vous contacte dans le but de &#8230;\u00a0\u00bb<\/span><\/li>\n<li><span style=\"font-size: 14pt;\"><strong>Contexte<\/strong> : Pr\u00e9sentez d&rsquo;une mani\u00e8re br\u00e8ve la situation qui vous pousse \u00e0 \u00e9crire votre message<\/span><\/li>\n<\/ul>\n<p><span style=\"font-size: 14pt;\"><strong>3. Corps essentiel &#8211; D\u00e9tails clairs :<\/strong><\/span><\/p>\n<ul>\n<li><span style=\"font-size: 14pt;\"><strong>Indiquez les circonstances<\/strong> (Qui ? Quoi ? Quand ? O\u00f9 ? Avec qui ? Pourquoi ? Combien)<\/span><\/li>\n<li><span style=\"font-size: 14pt;\"><strong>Utilisez des connecteurs logiques<\/strong> : \u00ab\u00a0tout d&rsquo;abord\u00a0\u00bb, \u00ab\u00a0ensuite\u00a0\u00bb, \u00ab et apr\u00e8s \u00bb, \u00ab mais \u00bb \u00ab\u00a0de plus\u00a0\u00bb, \u00ab\u00a0par ailleurs\u00a0\u00bb<\/span><\/li>\n<li><span style=\"font-size: 14pt;\">Divisez votre texte en paragraphes clairs et pas longs.<\/span><\/li>\n<\/ul>\n<p><span style=\"font-size: 14pt;\"><strong>4. Requ\u00eate ou proposition :<\/strong><\/span><\/p>\n<ul>\n<li><span style=\"font-size: 14pt;\"><strong>Expressions fr\u00e9quentes et b\u00e9n\u00e9fiques<\/strong> : \u00ab\u00a0Je voudrais savoir si&#8230;\u00a0\u00bb, \u00ab\u00a0Pourriez-vous me conseiller &#8230;\u00a0\u00bb, \u00ab\u00a0J&rsquo;aimerais conna\u00eetre ton avis sur&#8230;\u00a0\u00bb<\/span><\/li>\n<li><span style=\"font-size: 14pt;\">\u00c9vitez l&rsquo;impr\u00e9cision dans votre demande<\/span><\/li>\n<\/ul>\n<p><span style=\"font-size: 14pt;\"><strong>5. Formule de conclusion :<\/strong><\/span><\/p>\n<ul>\n<li><span style=\"font-size: 14pt;\"><strong>Exprimez vos esp\u00e9rances<\/strong> : \u00ab\u00a0J&rsquo;esp\u00e8re avoir rapidement de vos nouvelles \u00ab\u00a0, \u00ab\u00a0Je suis press\u00e9 de recevoir tes recommandations\u00a0\u00bb<\/span><\/li>\n<li><span style=\"font-size: 14pt;\"><strong>Remerciements<\/strong> : \u00ab\u00a0je vous remercie d&rsquo;avance pour votre aide\u00a0\u00bb, \u00ab\u00a0Je te remercie pour tes recommandations\u00a0\u00bb<\/span><\/li>\n<li><span style=\"font-size: 14pt;\"><strong>Expression d&rsquo;anticipation<\/strong> : \u00ab\u00a0Vivement la visite de cette nouvelle ville\u00a0\u00bb, \u00ab\u00a0D\u00e8s maintenant Je me r\u00e9jouis en pensant \u00e0 ce s\u00e9jour\u00a0\u00bb<\/span><\/li>\n<\/ul>\n<p><span style=\"font-size: 14pt;\"><strong>6. Salutations finales :<\/strong><\/span><\/p>\n<ul>\n<li><span style=\"font-size: 14pt;\"><strong>Plus formelle<\/strong> : \u00ab\u00a0Je vous prie d&rsquo;accepter, Madame\/Monsieur, l&rsquo;expression de mes salutations les plus distingu\u00e9es.\u00a0\u00bb<\/span><\/li>\n<li><span style=\"font-size: 14pt;\"><strong>Semi-formelle<\/strong> : \u00ab\u00a0Cordialement,\u00a0\u00bb \/ \u00ab\u00a0Bien \u00e0 vous,\u00a0\u00bb<\/span><\/li>\n<li><span style=\"font-size: 14pt;\"><strong>Informelle<\/strong> : \u00ab\u00a0\u00c0 plus tard \u00a0\u00bb \/ \u00ab\u00a0Avec toutes mes amiti\u00e9s\u00a0\u00bb \/ \u00ab\u00a0Bisous\u00a0\u00bb<\/span><\/li>\n<\/ul>\n<p><span style=\"font-size: 14pt;\"><strong>7. Signature :<\/strong> Votre pr\u00e9nom (avec bien s\u00fbr votre nom de famille dans un contexte formel)<\/span><\/p>\n<h4>Exemple de sujet:<\/h4>\n<blockquote><p><span style=\"font-size: 14pt;\">Vous venez de d\u00e9cider d&rsquo;aller \u00e0 Montr\u00e9al pour assister \u00e0 une conf\u00e9rence sur les nouvelles technologies utilis\u00e9es tout en d\u00e9couvrant la ville pendant cinq jours, alors vous pensez \u00e0 votre ami Pierre, qui conna\u00eet tr\u00e8s bien Montr\u00e9al, vous lui demandez des conseils pour vivre une exp\u00e9rience m\u00e9morable. \u00c9crivez un courriel \u00e0 Pierre pour le mettre au courant de votre voyage \u00e0 Montr\u00e9al en lui demandant ses conseils.<\/span><\/p><\/blockquote>\n<h4 style=\"text-align: center;\">Phrases utiles pour bien accomplir la T\u00e2che 1<\/h4>\n<p><span style=\"font-size: 14pt;\"><strong>Pour d\u00e9buter votre message :<\/strong><\/span><\/p>\n<ul>\n<li><span style=\"font-size: 14pt;\">\u00ab\u00a0J&rsquo;esp\u00e8re que tout va bien pour toi.\u00a0\u00bb<\/span><\/li>\n<li><span style=\"font-size: 14pt;\">\u00ab\u00a0Comment \u00e7a roule depuis notre derni\u00e8re rencontre ?\u00a0\u00bb<\/span><\/li>\n<li><span style=\"font-size: 14pt;\">\u00ab\u00a0Je t&rsquo;\u00e9cris parce que j&rsquo;ai une tr\u00e8s bonne nouvelle \u00e0 partager avec toi.\u00a0\u00bb<\/span><\/li>\n<\/ul>\n<p><span style=\"font-size: 14pt;\"><strong>Pour bien expliquer votre situation :<\/strong><\/span><\/p>\n<ul>\n<li><span style=\"font-size: 14pt;\">\u00ab\u00a0J&rsquo;ai l&rsquo;intention de participer \u00e0 une conf\u00e9rence qui se tiendra le\u2026.au&#8230; \u00e0\u2026h\u00a0\u00bb<\/span><\/li>\n<li><span style=\"font-size: 14pt;\">\u00ab\u00a0J&rsquo;ai planifier de passer mon s\u00e9jour \u00e0&#8230; pendant&#8230; jours.\u00a0\u00bb<\/span><\/li>\n<li><span style=\"font-size: 14pt;\">\u00ab\u00a0C&rsquo;est pour moi la premi\u00e8re fois que j&rsquo;irai dans cette ville\/r\u00e9gion\/.\u00a0\u00bb<\/span><\/li>\n<\/ul>\n<p><span style=\"font-size: 14pt;\"><strong>Pour demander des conseils :<\/strong><\/span><\/p>\n<ul>\n<li><span style=\"font-size: 14pt;\">\u00ab\u00a0Est-ce que tu pourrais me conseiller en ce qui concerne (l&rsquo;h\u00e9bergement, les restaurants ,les moyens de transport &#8230;?\u00a0\u00bb<\/span><\/li>\n<li><span style=\"font-size: 14pt;\">Est \u2013ce que tu pourrais me faire des propositions pour les endroits \u00e0 visiter ?\u00a0\u00bb<\/span><\/li>\n<li><span style=\"font-size: 14pt;\">\u00ab\u00a0Est-ce que tu connais bien la ville, je souhaiterais savoir quels sont les quartiers \u00e0 visiter de pr\u00e9f\u00e9rence.\u00a0\u00bb<\/span><\/li>\n<\/ul>\n<p><span style=\"font-size: 14pt;\"><strong>Pour conclure :<\/strong><\/span><\/p>\n<ul>\n<li><span style=\"font-size: 14pt;\">\u00ab\u00a0Tes conseils me seraient d&rsquo;un grand secours.\u00a0\u00bb<\/span><\/li>\n<li><span style=\"font-size: 14pt;\">\u00ab\u00a0Je compte sur tes recommandations pour bien profiter de mon s\u00e9jour.\u00a0\u00bb<\/span><\/li>\n<li><span style=\"font-size: 14pt;\">\u00ab\u00a0J&rsquo;ai h\u00e2te d&rsquo;explorer cette ville dont tu ne cesses de me parler.\u00a0\u00bb<\/span><\/li>\n<\/ul>\n<h4>Erreurs \u00e0 \u00e9viter dans la T\u00e2che 1<\/h4>\n<ul>\n<li><span style=\"font-size: 14pt;\">Ne pas se conformer au nombre de mots requis<\/span><\/li>\n<li><span style=\"font-size: 14pt;\">Ne pas citer les informations importantes demand\u00e9es dans la consigne<\/span><\/li>\n<li><span style=\"font-size: 14pt;\">\u00c9crire au destinataire avec un registre de langue inad\u00e9quat<\/span><\/li>\n<li><span style=\"font-size: 14pt;\">Oublier les formules d&rsquo;appel et de politesse<\/span><\/li>\n<li><span style=\"font-size: 14pt;\">R\u00e9diger un texte d\u00e9muni de structure explicite contenant les 3 parties ( introduction, d\u00e9veloppement, conclusion)<\/span><\/li>\n<\/ul>\n<h3 style=\"text-align: center;\">T\u00e2che 2 : Article ou compte-rendu d&rsquo;exp\u00e9rience (120-150 mots)<\/h3>\n<p><img decoding=\"async\" class=\"wp-image-25218 size-full aligncenter\" src=\"https:\/\/www.tcfca.com\/wp-content\/uploads\/2020\/08\/TCF-Canada-Expression-Ecrite-Tache-2.png\" alt=\"TCF Canada Expression \u00c9crite T\u00e2che 2\" width=\"563\" height=\"664\" \/><\/p>\n<p><span style=\"font-size: 14pt;\"><strong>Objectif :<\/strong> R\u00e9diger un article, un courrier, une note ou un compte-rendu \u00e0 l&rsquo;intention de plusieurs destinataires pour relater une exp\u00e9rience ou faire un r\u00e9cit, tout en y ajoutant des commentaires, opinions ou arguments, avec un objectif clairement identifi\u00e9 (convaincre, revendiquer, se r\u00e9concilier, etc.).<\/span><\/p>\n<p><span style=\"font-size: 14pt;\"><strong>Format standard :<\/strong> Publication sur r\u00e9seau social ou compte-rendu d&rsquo;\u00e9v\u00e9nement, article tir\u00e9 de blog t\u00e9moignage ou encore billet d&rsquo;opinion, etc&#8230;<\/span><\/p>\n<p><span style=\"font-size: 14pt;\"><strong>Comp\u00e9tences \u00e9valu\u00e9es :<\/strong><\/span><\/p>\n<ul>\n<li><span style=\"font-size: 14pt;\">Structuration logique et coh\u00e9rente des phrases utilis\u00e9es<\/span><\/li>\n<li><span style=\"font-size: 14pt;\">Aptitude \u00e0 d\u00e9crire, raconter et bien expliquer avec nettet\u00e9<\/span><\/li>\n<li><span style=\"font-size: 14pt;\">Expression et justification d&rsquo;avis personnels<\/span><\/li>\n<li><span style=\"font-size: 14pt;\">Succession fluide des id\u00e9es avec utilisation ad\u00e9quate de connecteurs adapt\u00e9s<\/span><\/li>\n<li><span style=\"font-size: 14pt;\">Ad\u00e9quation du style utilis\u00e9 au format et \u00e0 l&rsquo;objet de communication<\/span><\/li>\n<li><span style=\"font-size: 14pt;\">Capacit\u00e9 \u00e0 pouvoir persuader ou influencer le lecteur<\/span><\/li>\n<\/ul>\n<h4>Structure d\u00e9taill\u00e9e pour un article de blog, t\u00e9moignage (format requis fr\u00e9quemment)<\/h4>\n<p><span style=\"font-size: 14pt;\"><strong>1. Titre captivant et expressif :<\/strong><\/span><\/p>\n<p><span style=\"font-size: 14pt;\">Le titre doit \u00eatre en m\u00eame temps attrayant et informatif. Il devra \u00eatre motivant ,suscitant la poursuite de la lecture en pr\u00e9cisant le sujet.<\/span><\/p>\n<ul>\n<li><span style=\"font-size: 14pt;\">Exemples : \u00ab\u00a0Un s\u00e9jour qui m&rsquo;a vraiment chang\u00e9 la vie \u00a0\u00bb ou \u00ab\u00a0Cinq mois de s\u00e9jour au Canada : une aventure qu&rsquo;on ne peut pas oublier\u00a0\u00bb<\/span><\/li>\n<li><span style=\"font-size: 14pt;\">Techniques linguistiques efficaces : poser une question, citer un chiffre ou une expression forte, ou encore une promesse<\/span><\/li>\n<\/ul>\n<p><span style=\"font-size: 14pt;\"><strong>2. Introduction remarquable :<\/strong><\/span><\/p>\n<ul>\n<li><span style=\"font-size: 14pt;\">Pr\u00e9sentation du contexte : Pr\u00e9senter d&rsquo;une mani\u00e8re br\u00e8ve les circonstances de votre exp\u00e9rience (o\u00f9, quand, pourquoi, avec qui..)<\/span><\/li>\n<li><span style=\"font-size: 14pt;\">Accroche : Commencer par une phrase attirant l&rsquo;attention (\u00ab\u00a0Je n&rsquo;aurais jamais pu imaginer \u00e0 quel point cinq mois au Canada changeraient mon point de vue sur le monde.\u00a0\u00bb)<\/span><\/li>\n<li><span style=\"font-size: 14pt;\">Annonce du plan : Indiquer clairement et efficacement les divers aspects que vous allez traiter<\/span><\/li>\n<\/ul>\n<p><span style=\"font-size: 14pt;\"><strong>3. Corps de l&rsquo;article &#8211; D\u00e9veloppement bien organis\u00e9 :<\/strong><\/span><\/p>\n<ul>\n<li><span style=\"font-size: 14pt;\">Strat\u00e9gie chronologique : Raconter votre exp\u00e9rience du d\u00e9but des \u00e9v\u00e9nements jusqu&rsquo; \u00e0 la fin<\/span><\/li>\n<li><span style=\"font-size: 14pt;\">Strat\u00e9gie th\u00e9matique : Structurer votre r\u00e9cit par type de th\u00e8mes (\u00e9tudes, vie sociale ou politique, d\u00e9couvertes culturelles&#8230; etc.)<\/span><\/li>\n<li><span style=\"font-size: 14pt;\">Paragraphes s\u00e9par\u00e9s : Chaque id\u00e9e principale requiert un paragraphe distinct<\/span><\/li>\n<li><span style=\"font-size: 14pt;\">Transitions harmonieuse : Utiliser des connecteurs logiques pour cr\u00e9er des liens entre vos id\u00e9es (\u00ab\u00a0Tout d&rsquo;abord, ensuite, par ailleurs, en outre, n\u00e9anmoins, pour conclure\u2026\u00a0\u00bb)<\/span><\/li>\n<\/ul>\n<p><span style=\"font-size: 14pt;\"><strong>4. Expression d&rsquo;opinions et sentiments :<\/strong><\/span><\/p>\n<ul>\n<li><span style=\"font-size: 14pt;\">Partager vos ressentis personnels (\u00ab\u00a0Cette exp\u00e9rience v\u00e9cue m&rsquo;a beaucoup marqu\u00e9 &#8230;\u00a0\u00bb)<\/span><\/li>\n<li><span style=\"font-size: 14pt;\">Utiliser un lexique expressif et \u00e9motionnel (\u00ab\u00a0passionnant, enrichissant ,d\u00e9concertant, , extraordinaire\u2026.)<\/span><\/li>\n<li><span style=\"font-size: 14pt;\">Concilier les faits vis\u00e9s et vos r\u00e9actions personnelles<\/span><\/li>\n<\/ul>\n<p><span style=\"font-size: 14pt;\"><strong>5. Conclusion captivante :<\/strong><\/span><\/p>\n<ul>\n<li><span style=\"font-size: 14pt;\">Synth\u00e8se : Faire un bref r\u00e9sum\u00e9 des points les plus importants<\/span><\/li>\n<li><span style=\"font-size: 14pt;\">\u00c9valuation g\u00e9n\u00e9rale : Pr\u00e9senter votre jugement global sur l&rsquo;exp\u00e9rience v\u00e9cue<\/span><\/li>\n<li><span style=\"font-size: 14pt;\">Recommandations : Donner des conseils ou propositions pour vos lecteurs<\/span><\/li>\n<li><span style=\"font-size: 14pt;\">Invitation \u00e0 l&rsquo;action : Motiver les lecteurs \u00e0 vivre une exp\u00e9rience semblable et la partager avec les autres<\/span><\/li>\n<\/ul>\n<h4>Exemple de sujet:<\/h4>\n<blockquote><p><span style=\"font-size: 14pt;\">Vous avez pass\u00e9 trois mois \u00e0 \u00e9tudier dans une universit\u00e9 canadienne. R\u00e9diger un article pour le blog de votre \u00e9cole de langue o\u00f9 vous faites part de votre exp\u00e9rience avec les futurs \u00e9tudiants.<\/span><\/p><\/blockquote>\n<h4 style=\"text-align: center;\">Expressions pertinentes pour la T\u00e2che 2<\/h4>\n<p><span style=\"font-size: 14pt;\"><strong>Pour bien lancer votre r\u00e9cit ,vous pouvez dire:<\/strong><\/span><\/p>\n<ul>\n<li><span style=\"font-size: 14pt;\">\u00ab\u00a0J&rsquo;ai eu l&rsquo;occasion de&#8230;\u00a0\u00bb<\/span><\/li>\n<li><span style=\"font-size: 14pt;\">\u00ab\u00a0Mon s\u00e9jour de 3 mois \u00e0 (nom de ville , r\u00e9gion) \u00e9tait une exp\u00e9rience unique car &#8230;\u00a0\u00bb<\/span><\/li>\n<li><span style=\"font-size: 14pt;\">\u00ab\u00a0Soyez certain(e) que je suis heureux(heureuse) de vous faire part de mon exp\u00e9rience de&#8230;\u00a0\u00bb<\/span><\/li>\n<\/ul>\n<p><span style=\"font-size: 14pt;\"><strong>Pour structurer chronologiquement :<\/strong><\/span><\/p>\n<ul>\n<li><span style=\"font-size: 14pt;\">\u00ab\u00a0Quand je suis arriv\u00e9e&#8230;\u00a0\u00bb, \u00ab\u00a0Pendant les premiers jours&#8230;\u00a0\u00bb, \u00ab\u00a0Au cours des semaines&#8230;\u00a0\u00bb, \u00ab\u00a0\u00c0 la fin de mon s\u00e9jour&#8230;\u00a0\u00bb<\/span><\/li>\n<li><span style=\"font-size: 14pt;\">\u00ab\u00a0Au d\u00e9part&#8230;\u00a0\u00bb, \u00ab\u00a0Par la suite&#8230;\u00a0\u00bb, \u00ab\u00a0Finalement&#8230;\u00a0\u00bb<\/span><\/li>\n<\/ul>\n<p><span style=\"font-size: 14pt;\"><strong>Pour structurer th\u00e9matiquement :<\/strong><\/span><\/p>\n<ul>\n<li><span style=\"font-size: 14pt;\">\u00ab\u00a0Pour ce qui est des \u00e9tudes&#8230;\u00a0\u00bb, \u00ab\u00a0Concernant le c\u00f4t\u00e9 culturel&#8230;\u00a0\u00bb, \u00ab\u00a0En mati\u00e8re de la vie sociale ou encore touristique&#8230;\u00a0\u00bb<\/span><\/li>\n<li><span style=\"font-size: 14pt;\">\u00ab\u00a0Un des c\u00f4t\u00e9s les plus marquants a \u00e9t\u00e9&#8230;\u00a0\u00bb, \u00ab\u00a0Le point fort de cette exp\u00e9rience a \u00e9t\u00e9&#8230;\u00a0\u00bb<\/span><\/li>\n<\/ul>\n<p><span style=\"font-size: 14pt;\"><strong>Pour exprimer des sentiments :<\/strong><\/span><\/p>\n<ul>\n<li><span style=\"font-size: 14pt;\">\u00ab\u00a0Cette exp\u00e9rience m&rsquo;a donn\u00e9 l&rsquo;occasion de&#8230;\u00a0\u00bb, \u00ab\u00a0J&rsquo;ai \u00e9t\u00e9 vraiment marqu\u00e9(e) par&#8230;\u00a0\u00bb<\/span><\/li>\n<li><span style=\"font-size: 14pt;\">\u00ab\u00a0Ce qui m&rsquo;a le plus \u00e9tonn\u00e9(e), c&rsquo;est&#8230;\u00a0\u00bb, \u00ab\u00a0J&rsquo;ai particuli\u00e8rement aim\u00e9 le fait de&#8230;\u00a0\u00bb<\/span><\/li>\n<li><span style=\"font-size: 14pt;\">\u00ab\u00a0En opposition \u00e0 ce que je m&rsquo;attendais&#8230;\u00a0\u00bb<\/span><\/li>\n<\/ul>\n<p><span style=\"font-size: 14pt;\"><strong>Pour conclure et sugg\u00e9rer :<\/strong><\/span><\/p>\n<ul>\n<li><span style=\"font-size: 14pt;\">\u00ab\u00a0Je conseille \u00e9norm\u00e9ment cette exp\u00e9rience \u00e0 tous ceux qui voudraient&#8230;\u00a0\u00bb<\/span><\/li>\n<li><span style=\"font-size: 14pt;\">\u00ab\u00a0Si jamais vous avez le d\u00e9sir de vous lancer dans cette aventure unique, alors n&rsquo;h\u00e9sitez pas \u00e0&#8230;\u00a0\u00bb<\/span><\/li>\n<li><span style=\"font-size: 14pt;\">\u00ab\u00a0Cette exp\u00e9rience constitue sans nul doute un avantage remarquable pour ceux qui&#8230;\u00a0\u00bb<\/span><\/li>\n<li><span style=\"font-size: 14pt;\">\u00ab\u00a0En dernier lieu, il est essentiel de signaler que&#8230;\u00a0\u00bb<\/span><\/li>\n<\/ul>\n<h4><span style=\"font-size: 14pt;\">Pi\u00e8ges \u00e0 \u00e9viter dans la T\u00e2che 2<\/span><\/h4>\n<ul>\n<li><span style=\"font-size: 14pt;\">R\u00e9diger un texte beaucoup plus descriptif d\u00e9muni d&rsquo;avis et commentaires personnels<\/span><\/li>\n<li><span style=\"font-size: 14pt;\">Oublier d&rsquo;introduire le but vis\u00e9 de communication (convaincre, recommander, attirer l&rsquo;attention sur qqch etc.)<\/span><\/li>\n<li><span style=\"font-size: 14pt;\">Ne pas s\u00e9parer les paragraphes distincts<\/span><\/li>\n<li><span style=\"font-size: 14pt;\">Une pas respecter le ton ad\u00e9quat au format et au public vis\u00e9<\/span><\/li>\n<li><span style=\"font-size: 14pt;\">Citer trop de d\u00e9tails aux d\u00e9pens de la clart\u00e9 du message adress\u00e9<\/span><\/li>\n<\/ul>\n<h3 style=\"text-align: center;\">T\u00e2che 3 : Texte argumentatif et prise de position (120-180 mots)<\/h3>\n<p><img loading=\"lazy\" decoding=\"async\" class=\"wp-image-25219 size-full aligncenter\" src=\"https:\/\/www.tcfca.com\/wp-content\/uploads\/2020\/08\/TCF-Canada-Expression-Ecrite-Tache-3-1.png\" alt=\"TCF Canada Expression \u00c9crite T\u00e2che 3\" width=\"565\" height=\"716\" \/><\/p>\n<p><img loading=\"lazy\" decoding=\"async\" class=\"wp-image-25220 size-full aligncenter\" src=\"https:\/\/www.tcfca.com\/wp-content\/uploads\/2020\/08\/TCF-Canada-Expression-Ecrite-Tache-3-2.png\" alt=\"TCF Canada Expression \u00c9crite T\u00e2che 3\" width=\"538\" height=\"713\" \/><\/p>\n<p><span style=\"font-size: 14pt;\"><strong>Objectif :<\/strong> R\u00e9diger un texte qui compare entre deux points de vue diff\u00e9rents traitant un sujet de fait de soci\u00e9t\u00e9 (exprim\u00e9s dans deux documents courts), suivi d&rsquo;un d\u00e9veloppement et d&rsquo;une argumentation de votre propre opinion sur ce sujet.<\/span><\/p>\n<p><span style=\"font-size: 14pt;\"><strong>Format standard :<\/strong> Essai court, texte incluant une d&rsquo;opinion, article pour un journal\/sujet extrait d&rsquo;un site internet, lettre adress\u00e9e \u00e0 un responsable de travail ou un coll\u00e8gue, &#8230;<\/span><\/p>\n<p><span style=\"font-size: 14pt;\"><strong>Comp\u00e9tences \u00e0 \u00e9valuer :<\/strong><\/span><\/p>\n<ul>\n<li><span style=\"font-size: 14pt;\">Aptitude d&rsquo;analyser et de pouvoir \u00e9tablir une synth\u00e8se des documents sources<\/span><\/li>\n<li><span style=\"font-size: 14pt;\">Compr\u00e9hension d\u00e9taill\u00e9e des diff\u00e9rences entre les diverses opinions<\/span><\/li>\n<li><span style=\"font-size: 14pt;\">Capacit\u00e9 \u00e0 reformuler des id\u00e9es tout en gardant le m\u00eame sens<\/span><\/li>\n<li><span style=\"font-size: 14pt;\">Expression explicite et nuanc\u00e9e d&rsquo;une opinion personnelle justifi\u00e9e<\/span><\/li>\n<li><span style=\"font-size: 14pt;\">Corr\u00e9lation logique du discours avec utilisation adapt\u00e9e de connecteurs pertinents<\/span><\/li>\n<li><span style=\"font-size: 14pt;\">Richesse , pr\u00e9cision et variation lexicale, surtout ce qui concerne l&rsquo;argumentation<\/span><\/li>\n<li><span style=\"font-size: 14pt;\">Aptitude \u00e0 comparer deux avis de mani\u00e8re \u00e9quilibr\u00e9e et raisonnable<\/span><\/li>\n<\/ul>\n<h4 style=\"text-align: center;\">Structure d\u00e9taill\u00e9e pour la T\u00e2che 3<\/h4>\n<p><span style=\"font-size: 14pt;\">La T\u00e2che 3 est compos\u00e9e de deux parties distinctes, chacune contenant un nombre de mots sp\u00e9cifique :<\/span><\/p>\n<ul>\n<li><span style=\"font-size: 14pt;\"><strong>Premi\u00e8re partie (40-60 mots)<\/strong> : Pr\u00e9sentation objective des deux avis<\/span><\/li>\n<li><span style=\"font-size: 14pt;\"><strong>Seconde partie (80-120 mots)<\/strong> : Expression de votre propre opinion<\/span><\/li>\n<\/ul>\n<p><span style=\"font-size: 14pt;\"><strong>1. Titre significatif et accrocheur :<\/strong><\/span><\/p>\n<p><span style=\"font-size: 14pt;\">Choisissez un titre qui met en relief le th\u00e8me de la discussion en attirant l&rsquo;attention de votre lecteur.<\/span><\/p>\n<ul>\n<li><span style=\"font-size: 14pt;\"><strong>Exemples<\/strong> : \u00ab\u00a0Le t\u00e9l\u00e9travail : symbole de libert\u00e9 ou isolement ?\u00a0\u00bb ou \u00ab\u00a0Vous \u00eates pour ou contre le port de l&rsquo;uniforme \u00e0 l&rsquo;\u00e9cole ?\u00a0\u00bb<\/span><\/li>\n<li><span style=\"font-size: 14pt;\"><strong>Strat\u00e9gies<\/strong> : poser une question, utiliser une opposition ou concession (X ou Y), pr\u00e9senter le th\u00e8me suivi de \u00ab\u00a0pour ou contre\u00a0\u00bb<\/span><\/li>\n<\/ul>\n<p><span style=\"font-size: 14pt;\"><strong>2. Premi\u00e8re partie : Synth\u00e8se des points de vue (40-60 mots)<\/strong><\/span><\/p>\n<p><span style=\"font-size: 14pt;\"><strong>Structure conseill\u00e9e :<\/strong><\/span><\/p>\n<ul>\n<li><span style=\"font-size: 14pt;\">Introduction au th\u00e8me : Pr\u00e9sentez sommairement le sujet de d\u00e9bat<\/span><\/li>\n<li><span style=\"font-size: 14pt;\">Pr\u00e9sentation du premier avis : Citez en bref les principaux justificatifs du premier document<\/span><\/li>\n<li><span style=\"font-size: 14pt;\">Pr\u00e9sentation du second point de vue : Citez les principaux justificatifs du second document<\/span><\/li>\n<li><span style=\"font-size: 14pt;\">Montrez le contraste : Soulignez l&rsquo;opposition ou les nuances entre les deux avis<\/span><\/li>\n<\/ul>\n<p><span style=\"font-size: 14pt;\"><strong>Expressions utiles \u00e0 utiliser pour cette partie :<\/strong><\/span><\/p>\n<ul>\n<li><span style=\"font-size: 14pt;\">\u00ab\u00a0Le sujet de [th\u00e8me] conduit \u00e0 des opinions distinctes.\u00a0\u00bb<\/span><\/li>\n<li><span style=\"font-size: 14pt;\">\u00ab\u00a0On se r\u00e9f\u00e9rant au premier document, &#8230; par contre le second document confirme que&#8230;\u00a0\u00bb<\/span><\/li>\n<li><span style=\"font-size: 14pt;\">\u00ab\u00a0D&rsquo;un c\u00f4t\u00e9, &#8230; De l&rsquo;autre c\u00f4t\u00e9, &#8230;\u00a0\u00bb<\/span><\/li>\n<li><span style=\"font-size: 14pt;\">\u00ab\u00a0Le premier avis souline que.., alors que le second met l&rsquo;accent sur le fait de&#8230;\u00a0\u00bb<\/span><\/li>\n<li><span style=\"font-size: 14pt;\">\u00ab\u00a0Ces deux documents nous pr\u00e9sentent des positions tout \u00e0 fait oppos\u00e9es en ce qui concerne&#8230;\u00a0\u00bb<\/span><\/li>\n<\/ul>\n<p><span style=\"font-size: 14pt;\"><strong>3. Transition entre les deux parties :<\/strong><\/span><\/p>\n<p><span style=\"font-size: 14pt;\">Employez une phrase qui marque explicitement le passage \u00e0 votre avis personnel :<\/span><\/p>\n<ul>\n<li><span style=\"font-size: 14pt;\">\u00a0\u00bb Pour moi, &#8230;\u00a0\u00bb<\/span><\/li>\n<li><span style=\"font-size: 14pt;\">Me concernant, &#8230;\u00a0\u00bb<\/span><\/li>\n<li><span style=\"font-size: 14pt;\">\u00ab\u00a0\u00c0 mon avis, &#8230;\u00a0\u00bb<\/span><\/li>\n<li><span style=\"font-size: 14pt;\">\u00ab\u00a0Quant \u00e0 moi, je trouve que&#8230;\u00a0\u00bb<\/span><\/li>\n<\/ul>\n<p><span style=\"font-size: 14pt;\"><strong>4. Seconde partie : Votre avis personnel (80-120 mots)<\/strong><\/span><\/p>\n<p><span style=\"font-size: 14pt;\"><strong>Structure conseill\u00e9e \u00e0 utiliser :<\/strong><\/span><\/p>\n<ul>\n<li><span style=\"font-size: 14pt;\">Annonce clairement votre avis : Indiquez d\u00e8s l&rsquo;abord si vous partagez l&rsquo;un des avis ou si vous montrez une position diff\u00e9rente<\/span><\/li>\n<li><span style=\"font-size: 14pt;\">Premier argument personnel accompagn\u00e9 d&rsquo;exemple ou \u00e9claircissement<\/span><\/li>\n<li><span style=\"font-size: 14pt;\">Deuxi\u00e8me argument personnel accompagn\u00e9 d&rsquo;exemple ou \u00e9claircissement<\/span><\/li>\n<li><span style=\"font-size: 14pt;\">Contre-argument montrant que vous \u00eates bien conscient des limites de votre position<\/span><\/li>\n<li><span style=\"font-size: 14pt;\">Conclusion qui reprend et confirme votre position sommairement<\/span><\/li>\n<\/ul>\n<p><span style=\"font-size: 14pt;\"><strong>Expressions utiles \u00e0 utiliser pour l&rsquo;argumentation :<\/strong><\/span><\/p>\n<p><span style=\"font-size: 14pt;\"><strong>Pour introduire votre opinion :<\/strong><\/span><\/p>\n<ul>\n<li><span style=\"font-size: 14pt;\">\u00ab\u00a0J&rsquo;ai la conviction totale que&#8230;\u00a0\u00bb<\/span><\/li>\n<li><span style=\"font-size: 14pt;\">\u00ab\u00a0Il me semble \u00e9vident que&#8230;\u00a0\u00bb<\/span><\/li>\n<li><span style=\"font-size: 14pt;\">\u00ab\u00a0D&rsquo;apr\u00e8s l&rsquo;exp\u00e9rience personnelle que j&rsquo;ai v\u00e9cue&#8230;\u00a0\u00bb<\/span><\/li>\n<\/ul>\n<p><span style=\"font-size: 14pt;\"><strong>Pour avancer dans vos arguments :<\/strong><\/span><\/p>\n<ul>\n<li><span style=\"font-size: 14pt;\">\u00ab\u00a0D&rsquo;abord, &#8230;\u00a0\u00bb<\/span><\/li>\n<li><span style=\"font-size: 14pt;\">\u00ab\u00a0Mon premier argument se fond sur le fait que&#8230;\u00a0\u00bb<\/span><\/li>\n<li><span style=\"font-size: 14pt;\">\u00ab\u00a0D&rsquo;un autre c\u00f4t\u00e9 , il est essentiel de mettre l&rsquo;accent sur&#8230;\u00a0\u00bb<\/span><\/li>\n<li><span style=\"font-size: 14pt;\">\u00ab\u00a0Par ailleurs, je tiens \u00e0 souligner que&#8230;\u00a0\u00bb<\/span><\/li>\n<\/ul>\n<p><span style=\"font-size: 14pt;\"><strong>Pour apporter des nuances dans votre production :<\/strong><\/span><\/p>\n<ul>\n<li><span style=\"font-size: 14pt;\">\u00ab\u00a0Certes, &#8230; n\u00e9anmoins, &#8230;\u00a0\u00bb<\/span><\/li>\n<li><span style=\"font-size: 14pt;\">\u00ab\u00a0Bien que j&rsquo;admette que&#8230;, je reste toujours convincu(e) que&#8230;\u00a0\u00bb<\/span><\/li>\n<li><span style=\"font-size: 14pt;\">\u00ab\u00a0Il faudrait reconnaitre que&#8230;, n\u00e9anmoins&#8230;\u00a0\u00bb<\/span><\/li>\n<\/ul>\n<p><span style=\"font-size: 14pt;\"><strong>Pour conclure :<\/strong><\/span><\/p>\n<ul>\n<li><span style=\"font-size: 14pt;\">\u00ab\u00a0Au bout de compte, &#8230;\u00a0\u00bb<\/span><\/li>\n<li><span style=\"font-size: 14pt;\">\u00ab\u00a0En raisons de tout ce qui a \u00e9t\u00e9 \u00e9voqu\u00e9, j&rsquo;affirme que&#8230;\u00a0\u00bb<\/span><\/li>\n<li><span style=\"font-size: 14pt;\">\u00ab\u00a0En somme, il s&rsquo;est r\u00e9v\u00e9l\u00e9 nettement que&#8230;\u00a0\u00bb<\/span><\/li>\n<\/ul>\n<h4>Exemple de sujet:<\/h4>\n<blockquote><p><span style=\"font-size: 14pt;\">Lisez les deux documents ci-dessous concernant <strong>l&rsquo;uniforme scolaire<\/strong>.<\/span><\/p>\n<p><span style=\"font-size: 14pt;\"><strong>Document 1 :<\/strong> Je vois que l&rsquo;uniforme scolaire port\u00e9 par les \u00e9l\u00e8ves \u00e0 l&rsquo;\u00e9cole est une excellente fa\u00e7on pour r\u00e9duire la discrimination entre \u00e9coliers caus\u00e9e par la fa\u00e7on dont ils sont habill\u00e9s. Le port du m\u00eame uniforme permet aux \u00e9l\u00e8ves de se mettre tous sur un pied d&rsquo;\u00e9galit\u00e9, sans se pr\u00e9occuper de leur physique et c\u00e9der ainsi la place \u00e0 leur \u00e9ducation.<\/span><\/p>\n<p><span style=\"font-size: 14pt;\"><strong>Document 2 :<\/strong> Moi,je ne soutiens pas le port de l&rsquo;uniforme scolaire car cela touche \u00e0 la libert\u00e9 des adolescents puisque c&rsquo;est aussi une mani\u00e8re de s&rsquo;exprimer ils sont libres de porter les v\u00eatements et les couleurs qu&rsquo;ils souhaitent. Je pense qu&rsquo;on devrait leur permettre de s&rsquo;habiller comme ils le d\u00e9sirent, a condition de de respecter le r\u00e8glement de l&rsquo;\u00e9cole concernant la convenance et la s\u00e9curit\u00e9.<\/span><\/p>\n<p><span style=\"font-size: 14pt;\">Dans un premier temps avec (40-60 mots), vous allez pr\u00e9senter les avis cit\u00e9s dans ces deux documents. Dans un second temps (80-120 mots), vous allez exposer votre opinion personnelle sur ce sujet.<\/span><\/p>\n<h4>Pi\u00e8ges \u00e0 \u00e9viter dans la T\u00e2che 3<\/h4>\n<\/blockquote>\n<ul>\n<li><span style=\"font-size: 14pt;\">Risque de confondre les deux parties de cette t\u00e2che (synth\u00e8se objective et point de vue personnelle).<\/span><\/li>\n<li><span style=\"font-size: 14pt;\">Non-respect du nombre de mots pour les deux parties<\/span><\/li>\n<li><span style=\"font-size: 14pt;\">Apporter un changement aux points de vue cit\u00e9s dans les documents sources<\/span><\/li>\n<li><span style=\"font-size: 14pt;\">Pr\u00e9senter une position personnelle d\u00e9finitive sans apporter de nuances<\/span><\/li>\n<li><span style=\"font-size: 14pt;\">Oublier d&rsquo;introduire des arguments bien concrets pour appuyer votre opinion<\/span><\/li>\n<li><span style=\"font-size: 14pt;\">Perdre de vue l&rsquo;utilisation de connecteurs logiques pour mieux structurer votre argumentation<\/span><\/li>\n<li><span style=\"font-size: 14pt;\">Exprimer votre point de vue en abordant la premi\u00e8re partie (chose qui doit rester objective)<\/span><\/li>\n<\/ul>\n<h2>Crit\u00e8res d&rsquo;\u00c9valuation de l&rsquo;Expression \u00c9crite<\/h2>\n<p><span style=\"font-size: 14pt;\">Les examinateurs du TCF Canada examinent votre expression \u00e9crite en se r\u00e9f\u00e9rant crit\u00e8res pr\u00e9cis et standardis\u00e9s. Chaque production est \u00e9valu\u00e9e par deux correcteurs qui ont \u00e9t\u00e9 form\u00e9s par France \u00c9ducation International , qui attribuent une note s\u00e9par\u00e9ment l&rsquo;un de l&rsquo;autre. En cas d&rsquo;un \u00e9cart non n\u00e9gligeable , une troisi\u00e8me correction est faite.<\/span><\/p>\n<h3>Crit\u00e8res linguistiques<\/h3>\n<h4>Gamme et ma\u00eetrise du lexique requis pour chaque niveau<\/h4>\n<ul>\n<li><span style=\"font-size: 14pt;\"><strong>Niveau A1-A2 :<\/strong> Vocabulaire de base suffisant pour entreprendre des conversations dans des situations de la vie quotidienne<\/span><\/li>\n<li><span style=\"font-size: 14pt;\"><strong>Niveau B1-B2 :<\/strong> Vocabulaire pr\u00e9sentant une vari\u00e9t\u00e9 qui permet de s&rsquo;exprimer sur la majorit\u00e9 des sujets avec quelques d\u00e9tours linguistiques<\/span><\/li>\n<li><span style=\"font-size: 14pt;\"><strong>Niveau C1-C2 :<\/strong> Vaste gamme lexicale pr\u00e9cis et nuanc\u00e9e, accompagn\u00e9e d&rsquo;expressions idiomatiques et de tournures<\/span><\/li>\n<\/ul>\n<h4>Correction grammaticale<\/h4>\n<ul>\n<li><span style=\"font-size: 14pt;\"><strong>Niveau A1-A2 :<\/strong> Structures grammaticales simples , correctes dans la majorit\u00e9 des cas malgr\u00e9 des erreurs \u00e9l\u00e9mentaires de base<\/span><\/li>\n<li><span style=\"font-size: 14pt;\"><strong>Niveau B1-B2 :<\/strong> Contr\u00f4le grammatical de niveau interm\u00e9diaire + avec quelques erreurs non g\u00e9nantes<\/span><\/li>\n<li><span style=\"font-size: 14pt;\"><strong>Niveau C1-C2 :<\/strong> Exactitude grammaticale excellente avec tr\u00e8s peu d&rsquo;erreurs, m\u00eame dans des structures pr\u00e9sentant une complexit\u00e9<\/span><\/li>\n<\/ul>\n<h4>Orthographe et ponctuation<\/h4>\n<ul>\n<li><span style=\"font-size: 14pt;\"><strong>Niveau A1-A2 :<\/strong> Orthographe phon\u00e9tique compr\u00e9hensible cependant on remarque la pr\u00e9sence d&rsquo;erreurs<\/span><\/li>\n<li><span style=\"font-size: 14pt;\"><strong>Niveau B1-B2 :<\/strong> Orthographe et ponctuation relativement correctes mais pouvant \u00eatre influenc\u00e9es par la langue maternelle<\/span><\/li>\n<li><span style=\"font-size: 14pt;\"><strong>Niveau C1-C2 :<\/strong> Orthographe et ponctuation avec une pr\u00e9cision et coh\u00e9sion de qualit\u00e9<\/span><\/li>\n<\/ul>\n<h4>Complexit\u00e9 syntaxique<\/h4>\n<ul>\n<li><span style=\"font-size: 14pt;\"><strong>Niveau A1-A2 :<\/strong> Phrases de structure simple et unie<\/span><\/li>\n<li><span style=\"font-size: 14pt;\"><strong>Niveau B1-B2 :<\/strong> Phrases compos\u00e9es avec des subordonn\u00e9es et une vari\u00e9t\u00e9 de structures<\/span><\/li>\n<li><span style=\"font-size: 14pt;\"><strong>Niveau C1-C2 :<\/strong> Structures de phrases complexes, vari\u00e9es et ma\u00eetris\u00e9es (voix passive, subordination multiple, etc.)<\/span><\/li>\n<\/ul>\n<h3>Crit\u00e8res pragmatiques<\/h3>\n<h4>Coh\u00e9rence et coh\u00e9sion du texte<\/h4>\n<ul>\n<li><span style=\"font-size: 14pt;\"><strong>Coh\u00e9rence :<\/strong> Agencement de phrases logique avec une progression des id\u00e9es<\/span><\/li>\n<li><span style=\"font-size: 14pt;\"><strong>Coh\u00e9sion :<\/strong> Utilisation adapt\u00e9e des connecteurs logiques<\/span><\/li>\n<li><span style=\"font-size: 14pt;\"><strong>Paragraphes :<\/strong> S\u00e9paration nette du texte en paragraphes de sens<\/span><\/li>\n<\/ul>\n<h4>D\u00e9veloppement en concordance de la th\u00e9matique<\/h4>\n<ul>\n<li><span style=\"font-size: 14pt;\">Solidit\u00e9 des informations fournies en rapport avec le sujet<\/span><\/li>\n<li><span style=\"font-size: 14pt;\">Contenu riche et original<\/span><\/li>\n<li><span style=\"font-size: 14pt;\">Etablir un \u00e9quilibre entre les diff\u00e9rentes composantes du texte<\/span><\/li>\n<\/ul>\n<h4>Respect des instructions<\/h4>\n<ul>\n<li><span style=\"font-size: 14pt;\">Respect du format requis (courriel, article, essai&#8230;)<\/span><\/li>\n<li><span style=\"font-size: 14pt;\">Respect du nombre de mots requis (60-120 mots pour la t\u00e2che 1, 120-150 mots pour la t\u00e2che 2, etc.)<\/span><\/li>\n<li><span style=\"font-size: 14pt;\">Analyse compl\u00e8te de tous les aspects du sujet mentionn\u00e9s dans la consigne<\/span><\/li>\n<\/ul>\n<h4>Articulation du discours<\/h4>\n<ul>\n<li><span style=\"font-size: 14pt;\"><strong>Niveau A1-A2 :<\/strong> Mots de liaison \u00e9l\u00e9mentaires (\u00ab\u00a0et\u00a0\u00bb, \u00ab\u00a0mais\u00a0\u00bb, \u00ab\u00a0parce que\u00a0\u00bb\u2026)<\/span><\/li>\n<li><span style=\"font-size: 14pt;\"><strong>Niveau B1-B2 :<\/strong> Utilisation vari\u00e9 de connecteurs (\u00ab\u00a0cependant\u00a0\u00bb, \u00ab\u00a0n\u00e9anmoins\u00a0\u00bb, \u00ab\u00a0par cons\u00e9quent\u00a0\u00bb\u2026)<\/span><\/li>\n<li><span style=\"font-size: 14pt;\"><strong>Niveau C1-C2 :<\/strong> Aisance dans l&rsquo;utilisations des connecteurs pr\u00e9cis et nuanc\u00e9s pour indiquer les relations logiques<\/span><\/li>\n<\/ul>\n<h3>Crit\u00e8res sociolinguistiques<\/h3>\n<h4>Adaptation \u00e0 la situation de communication<\/h4>\n<ul>\n<li><span style=\"font-size: 14pt;\">Prendre en consid\u00e9ration le contexte et le but de communication<\/span><\/li>\n<li><span style=\"font-size: 14pt;\">Concordance de la forme et du contenu au genre de texte requis<\/span><\/li>\n<li><span style=\"font-size: 14pt;\">Pertinence de la communication pour parvenir au but vis\u00e9<\/span><\/li>\n<\/ul>\n<h4>Registre de langue<\/h4>\n<ul>\n<li><span style=\"font-size: 14pt;\">Choix ad\u00e9quat du niveau de langue (officiel, standard, familier)<\/span><\/li>\n<li><span style=\"font-size: 14pt;\">Conformit\u00e9 du registre le long du texte<\/span><\/li>\n<li><span style=\"font-size: 14pt;\">conformit\u00e9 du ton en fonction du destinataire et la situation<\/span><\/li>\n<\/ul>\n<h4>Aspects culturels<\/h4>\n<ul>\n<li><span style=\"font-size: 14pt;\">Acquis des conventions sociales et culturelles<\/span><\/li>\n<li><span style=\"font-size: 14pt;\">Adaptation ad\u00e9quate des formules de politesse et d&rsquo;adresse<\/span><\/li>\n<li><span style=\"font-size: 14pt;\">Conformit\u00e9 aux normes et attentes du cadre francophone<\/span><\/li>\n<\/ul>\n<h2>Processus d&rsquo;\u00e9valuation et notation<\/h2>\n<p><span style=\"font-size: 14pt;\">Chaque t\u00e2che est \u00e0 \u00e9valuer sur une \u00e9chelle de 0 \u00e0 20 points en fonction des crit\u00e8res ci-dessus, puis transform\u00e9e en niveau sur l&rsquo;\u00e9chelle du Cadre Europ\u00e9en Commun de R\u00e9f\u00e9rence pour les Langues (CECRL) de A1 \u00e0 C2 :<\/span><\/p>\n<table>\n<thead>\n<tr>\n<th>Note sur 20<\/th>\n<th>Niveau CECRL<\/th>\n<\/tr>\n<\/thead>\n<tbody>\n<tr>\n<td>18-20<\/td>\n<td>C2<\/td>\n<\/tr>\n<tr>\n<td>14-17<\/td>\n<td>C1<\/td>\n<\/tr>\n<tr>\n<td>10-13<\/td>\n<td>B2<\/td>\n<\/tr>\n<tr>\n<td>6-9<\/td>\n<td>B1<\/td>\n<\/tr>\n<tr>\n<td>2-5<\/td>\n<td>A2<\/td>\n<\/tr>\n<tr>\n<td>1<\/td>\n<td>A1<\/td>\n<\/tr>\n<tr>\n<td>0<\/td>\n<td>A1 non abouti<\/td>\n<\/tr>\n<\/tbody>\n<\/table>\n<p><span style=\"font-size: 14pt;\">Ce niveau CECRL est par la suite transform\u00e9 en Niveaux de Comp\u00e9tence Linguistique Canadiens (NCLC) pour les fins de l&rsquo;immigration canadienne.<\/span><\/p>\n<h3>Points important \u00e0 en tenir en compte de la part des candidats<\/h3>\n<p><span style=\"font-size: 14pt;\">Il est important de noter que votre copie pourrait \u00eatre \u00e9valu\u00e9e comme \u00ab\u00a0A1 non atteint\u00a0\u00bb dans les cas suivants :<\/span><\/p>\n<ul>\n<li><span style=\"font-size: 14pt;\">\u00c9criture non lisible (pour les tests faits sur papier)<\/span><\/li>\n<li><span style=\"font-size: 14pt;\">Non-respect du nombre de mots demand\u00e9 pour chaque t\u00e2che<\/span><\/li>\n<li><span style=\"font-size: 14pt;\">Production hors-de propos<\/span><\/li>\n<li><span style=\"font-size: 14pt;\">T\u00e2che(s) non accomplie(s)<\/span><\/li>\n<li><span style=\"font-size: 14pt;\">Retranscription mot pour mot d&rsquo;un sujet ou document<\/span><\/li>\n<li><span style=\"font-size: 14pt;\">Production r\u00e9alis\u00e9e sur le brouillon et non pas sur la feuille de r\u00e9ponse<\/span><\/li>\n<\/ul>\n<p><span style=\"font-size: 14pt;\">Dans tous les cas, m\u00eame si vous faites face \u00e0 des difficult\u00e9s avec une t\u00e2che, il est toujours souhaitable d&rsquo; \u00e9crire quelque chose au lieu de laisser un espace vide.<\/span><\/p>\n<h2>Correspondance des Notes avec les Niveaux NCLC<\/h2>\n<table>\n<thead>\n<tr>\n<th>Note sur 20<\/th>\n<th>Niveau CECRL<\/th>\n<th>NCLC<\/th>\n<th>Points pour l&rsquo;immigration<\/th>\n<\/tr>\n<\/thead>\n<tbody>\n<tr>\n<td>16-20<\/td>\n<td>C1-C2<\/td>\n<td>10+<\/td>\n<td>Maximum de points<\/td>\n<\/tr>\n<tr>\n<td>14-15<\/td>\n<td>C1<\/td>\n<td>9<\/td>\n<td>Tr\u00e8s convenable<\/td>\n<\/tr>\n<tr>\n<td>12-13<\/td>\n<td>B2<\/td>\n<td>8<\/td>\n<td>Convenable<\/td>\n<\/tr>\n<tr>\n<td>10-11<\/td>\n<td>B2<\/td>\n<td>7<\/td>\n<td>Convenable<\/td>\n<\/tr>\n<tr>\n<td>7-9<\/td>\n<td>B1<\/td>\n<td>6<\/td>\n<td>Moyen<\/td>\n<\/tr>\n<tr>\n<td>6<\/td>\n<td>B1<\/td>\n<td>5<\/td>\n<td>Moyen<\/td>\n<\/tr>\n<tr>\n<td>4-5<\/td>\n<td>A2<\/td>\n<td>4<\/td>\n<td>Minimum de points pour certains programmes<\/td>\n<\/tr>\n<\/tbody>\n<\/table>\n<h2 style=\"text-align: center;\">Conseils pratiques pour r\u00e9ussir<\/h2>\n<h3>1. Lisez attentivement la consigne<\/h3>\n<ul>\n<li><span style=\"font-size: 14pt;\">Faites attention au de nombre de mots demand\u00e9<\/span><\/li>\n<li><span style=\"font-size: 14pt;\">Prenez note de tous les \u00e9l\u00e9ments \u00e0 y inclure<\/span><\/li>\n<\/ul>\n<h3>2. Planifiez avant d&rsquo;\u00e9crire<\/h3>\n<ul>\n<li><span style=\"font-size: 14pt;\">Pr\u00e9parez un brouillon rapide avec les principales id\u00e9es<\/span><\/li>\n<li><span style=\"font-size: 14pt;\">Structurez bien votre texte (introduction, d\u00e9veloppement, conclusion)<\/span><\/li>\n<\/ul>\n<h3>3. Soignez votre pr\u00e9sentation<\/h3>\n<ul>\n<li><span style=\"font-size: 14pt;\">\u00c9crivez d&rsquo;une mani\u00e8re lisible (en cas de test sur papier)<\/span><\/li>\n<li><span style=\"font-size: 14pt;\">S\u00e9parez les paragraphes pour structurer clairement votre texte<\/span><\/li>\n<\/ul>\n<h3>4. Relisez votre production<\/h3>\n<ul>\n<li><span style=\"font-size: 14pt;\">Examinez l&rsquo;orthographe et la grammaire utilis\u00e9es<\/span><\/li>\n<li><span style=\"font-size: 14pt;\">Soyez certain d&rsquo;avoir respect\u00e9 le nombre de mots demand\u00e9<\/span><\/li>\n<\/ul>\n<h2 style=\"text-align: center;\">Exemples de Sujets et R\u00e9ponses pour le TCF Canada Expression \u00c9crite:<\/h2>\n<p>&nbsp;<\/p>\n<h3>Exemple de r\u00e9ponse pour la T\u00e2che 1 (Courriel)<\/h3>\n<blockquote><p><span style=\"font-size: 14pt;\"><strong>Sujet:<\/strong> Vous venez de prendre la d\u00e9cision de vous rendre \u00e0 Montr\u00e9al pour participer \u00e0 une conf\u00e9rence. Vous faites appel \u00e0 un ami qui conna\u00eet bien cette ville des conseils pour votre s\u00e9jour l\u00e0-bas. R\u00e9digez un courriel pour le mettre au courant de votre voyage et lui demander ses recommandations.<\/span><\/p><\/blockquote>\n<p><span style=\"font-size: 14pt;\"><strong>Exemple de r\u00e9ponse :<\/strong><\/span><\/p>\n<blockquote><p>De : camille_dupon3t@email.com<br \/>\n\u00c0 : marc_tremblay6@email.com<br \/>\nObjet : Voyage \u00e0 Montr\u00e9al<\/p>\n<p>Salut Marc,<\/p>\n<p>J&rsquo;esp\u00e8re que tu vas bien. Je t&rsquo;\u00e9cris car je vais assister \u00e0 une conf\u00e9rence sur l&rsquo;intelligence artificielle \u00e0 Montr\u00e9al a partir du 20 au 25 juin prochain. C&rsquo;est la premi\u00e8re fois que je m&rsquo;y rends, et je sais que tu y as v\u00e9cu pendant cinq ans l\u00e0-bas.<\/p>\n<p>Pourrais-tu me conseiller un h\u00e9bergement qui soit pr\u00e8s du Palais des congr\u00e8s? Je cherche aussi des restaurants de gastronomie qu\u00e9b\u00e9coise typique . As-tu des recommandations d&rsquo;activit\u00e9s culturelles in\u00e9vitables que je pourrais pratiquer en dehors des conf\u00e9rences?<\/p>\n<p>Merci d&rsquo;avance pour tes conseils qui me seront d&rsquo;un grand secours pour r\u00e9jouir au maximum de mon s\u00e9jour l\u00e0-bas.<\/p>\n<p>\u00c0 bient\u00f4t,<br \/>\nCamille<\/p><\/blockquote>\n<h3>Exemple de r\u00e9ponse pour la T\u00e2che 2 (Article de blog)<\/h3>\n<blockquote><p><span style=\"font-size: 14pt;\"><strong>Sujet :<\/strong> Vous avez pass\u00e9 3 mois \u00e0 faire des \u00e9tudes dans une universit\u00e9 au Canada. R\u00e9digez un article pour le blog de votre centre de langue pour faire part de votre exp\u00e9rience aux futurs apprenants.<\/span><\/p><\/blockquote>\n<p><span style=\"font-size: 14pt;\"><strong>Exemple de r\u00e9ponse :<\/strong><\/span><\/p>\n<blockquote>\n<p style=\"text-align: center;\"><strong>Trois mois au Canada : une exp\u00e9rience modificatrice<\/strong><\/p>\n<p>Apr\u00e8s avoir suivi trois mois d&rsquo;\u00e9tudes \u00e0 l&rsquo;Universit\u00e9 de Toronto, je rentre en France avec un bagage linguistique et culturel inappr\u00e9ciable. En fait, je ne m&rsquo;attendais pas \u00e0 tous ces avantages tir\u00e9s de cette exp\u00e9rience .elle m\u00e9rite bien d&rsquo;\u00eatre partag\u00e9e.<\/p>\n<p>L&rsquo;int\u00e9gration dans un environnement anglophone et francophone m&rsquo;a stipul\u00e9 de progresser remarquablement dans les deux langues. A vrai dire , les cours \u00e0 l&rsquo;universit\u00e9 \u00e9taient astreignants mais cependant captivants ,expliqu\u00e9s avec des m\u00e9thodes p\u00e9dagogiques tout \u00e0 fait diff\u00e9rentes de celles que je connaissais d\u00e9j\u00e0 en France. J&rsquo;ai sp\u00e9cialement appr\u00e9ci\u00e9 les activit\u00e9s de groupe qui encourageaient la communication et la collaboration.<\/p>\n<p>La vie sur le campus canadien est une source de richesse puisque les multiples associations \u00e9tudiantes permettent de rencontrer facilement des personnes venant des quatre coins du monde et de participer \u00e0 des activit\u00e9s vari\u00e9es sur tous les plans. C&rsquo;est ainsi que J&rsquo;ai d\u00e9couvert le hockey sur glace, qui par la suite devenu ma nouvelle passion.<\/p>\n<p>Je recommande profond\u00e9ment cette exp\u00e9rience \u00e0 tous les apprenants qui n&rsquo;arrive pas \u00e0 prendre la d\u00e9cision encore. Attendez-vous au grand choc culturel et au climat s\u00e9v\u00e8re, mais vous pouvez \u00eatre certains que cette aventure sera l&rsquo;une des plus transformatrice de votre parcours.<\/p><\/blockquote>\n<h3>Exemple de r\u00e9ponse pour la T\u00e2che 3 (Texte argumentatif)<\/h3>\n<blockquote><p><strong>Sujet :<\/strong> Lisez les deux documents ci-dessous concernant le t\u00e9l\u00e9travail (travail \u00e0 distance)<\/p>\n<p><strong>Document 1 :<\/strong> Les avantages du t\u00e9l\u00e9travail sont innombrables, par exemple ,la r\u00e9duction du temps de transport, favorise une flexibilit\u00e9 dans l&rsquo;organisation de sa journ\u00e9e et allie vie personnelle et professionnelle ,sans parler de la diminution du stress et l&rsquo;augmente de la productivit\u00e9 des employ\u00e9s puisqu&rsquo;ils travailles dans un environnement qui leur est propice .<\/p>\n<p><strong>Document 2 :<\/strong> Le t\u00e9l\u00e9travail conduit \u00e0 l&rsquo;isolement des employ\u00e9s, rend la communication plus difficile au sein des \u00e9quipes et bascule la fronti\u00e8re entre vie priv\u00e9e et vie professionnelle. Il peut mener \u00e0 des in\u00e9galit\u00e9s entre les m\u00e9tiers qui peuvent \u00eatre pratiqu\u00e9s \u00e0 distance et ceux qui doivent \u00eatre accomplis en pr\u00e9sentiel.<\/p>\n<p>Dans un premier temps (40-60 mots), vous exposerez les opinions exprim\u00e9s dans ces deux documents. Dans un second temps (80-120 mots), vous exprimez votre opinion personnelle sur ce sujet.<\/p>\n<p><strong>Exemple de r\u00e9ponse :<\/strong><\/p>\n<p><strong>Le t\u00e9l\u00e9travail (travail \u00e0 distance): avantage ou inconv\u00e9nient ?<\/strong><\/p>\n<p>Les deux documents pr\u00e9sentent des aspects oppos\u00e9s sur le t\u00e9l\u00e9travail. Le premier met l&rsquo;accent sur ses avantages : diminution du temps de transport, meilleure flexibilit\u00e9, harmonie entre vie personnelle et professionnelle, r\u00e9duction du stress et accroissement de la productivit\u00e9. Le second relate ses inconv\u00e9nients : isolement des employ\u00e9s, difficult\u00e9s de communication, d\u00e9s\u00e9quilibre entre vie priv\u00e9e et professionnelle, et disparit\u00e9 entre les m\u00e9tiers.<\/p>\n<p>\u00c0 mon avis, le t\u00e9l\u00e9travail pr\u00e9sente de nombreux avantages lorsqu&rsquo;il est bien appliqu\u00e9. Ayant moi-m\u00eame v\u00e9cu une exp\u00e9rience similaire pendant trois mois, j&rsquo;ai remarqu\u00e9 une am\u00e9lioration consid\u00e9rable de ma qualit\u00e9 de vie gr\u00e2ce \u00e0 l&rsquo;\u00e9limination totale des trajets quotidiens aga\u00e7ants. Mais \u00e7a n&#8217;emp\u00eache que, je pense qu&rsquo;un mod\u00e8le m\u00e9tiss\u00e9 est plus profitable. En faisant une alternance entre le travail \u00e0 distance et celui en pr\u00e9sentiel, on peut garder le lien social avec les coll\u00e8gues tout en profitant de la souplesse du t\u00e9l\u00e9travail.<\/p>\n<p>D&rsquo;un autre c\u00f4t\u00e9 ,les entreprises ont un r\u00f4le crucial \u00e0 jouer en fondant des r\u00e8glements concernant les horaires et la disponibilit\u00e9, dans le but d&rsquo;\u00e9viter l&rsquo;envahissement de la vie priv\u00e9e. En outre,, des r\u00e9unions r\u00e9guli\u00e8res en ligne peuvent aider \u00e0 conserver une communication efficace parmi les \u00e9quipes de travail.<\/p><\/blockquote>\n<h2>Questions Fr\u00e9quemment Pos\u00e9es sur l&rsquo;Expression \u00c9crite du TCF Canada<\/h2>\n<h3>Q1 : Pourrais-je utiliser un dictionnaire pendant l&rsquo;\u00e9preuve de l&rsquo;E.E ?<\/h3>\n<p><span style=\"font-size: 14pt;\"><strong>R :<\/strong> Non, aucun document ni outil n&rsquo;est permet durant la comp\u00e9tence d&rsquo;expression \u00e9crite du TCF Canada.<\/span><\/p>\n<h3>Q2 : Comment pourrais-je savoir si j&rsquo;ai respect\u00e9 le nombre de mots demand\u00e9 ?<\/h3>\n<p><span style=\"font-size: 14pt;\"><strong>R :<\/strong> Prenez l&rsquo;habitude \u00e0 compter les mots durant vos exercices de pr\u00e9paration pour faire d\u00e9velopper cette comp\u00e9tence. Pendant le test, faites une appr\u00e9ciation approximative. En g\u00e9n\u00e9ral, il est recommand\u00e9 de respecter une marge de \u00b110% par rapport au nombre de mots requis.<\/span><\/p>\n<h3>Q3 : Comment sont \u00e9valu\u00e9es les t\u00e2ches d&rsquo;expression \u00e9crite ?<\/h3>\n<p><span style=\"font-size: 14pt;\"><strong>R :<\/strong> Chaque production est \u00e9valu\u00e9e s\u00e9par\u00e9ment par deux correcteurs ayant suivi une formation par France \u00c9ducation International. Dans le cas o\u00f9 l&rsquo;\u00e9cart est non n\u00e9gligeable entre les deux \u00e9valuations, une troisi\u00e8me correction est faites.<\/span><\/p>\n<h3>Q4 : Que se passe-t-il si je n&rsquo;arrive pas \u00e0 achever les trois t\u00e2ches \u00e0 temps?<\/h3>\n<p><span style=\"font-size: 14pt;\"><strong>R :<\/strong> Il est fortement conseill\u00e9 de bien g\u00e9rer votre temps pour pouvoir ex\u00e9cuter les trois t\u00e2ches. Une t\u00e2che non r\u00e9alis\u00e9e sera not\u00e9e \u00ab\u00a0A1 non atteint\u00a0\u00bb, ce qui influencera consid\u00e9rablement votre score final.<\/span><\/p>\n<h3>Q5 : Pourrais-je demander une r\u00e9\u00e9valuation de mon expression \u00e9crite ?<\/h3>\n<p><span style=\"font-size: 14pt;\"><strong>R :<\/strong> Oui, vous avez le droit de demander une r\u00e9\u00e9valuation de votre expression \u00e9crite dans un d\u00e9lai d&rsquo;un mois apr\u00e8s avoir re\u00e7u vos r\u00e9sultats. Cette demande doit \u00eatre faite par votre centre d&rsquo;examen et peut \u00eatre payante.<\/span><\/p>\n<h2>Ressources pour se Pr\u00e9parer \u00e0 l&rsquo;Expression \u00c9crite<\/h2>\n<h3>Sites officiels :<\/h3>\n<ul>\n<li><a href=\"https:\/\/www.tcfca.com\/\"><span style=\"font-size: 14pt;\">TCFCA<\/span><\/a><\/li>\n<li><a href=\"https:\/\/www.tcfenligne.com\/\" target=\"_blank\" rel=\"noopener\"><span style=\"font-size: 14pt;\">TCFENLIGNE<\/span><\/a><\/li>\n<\/ul>\n<h3>Manuels de pr\u00e9paration :<\/h3>\n<ul>\n<li><a href=\"https:\/\/www.tcfca.com\/tcf-canada-livres-de-preparation\/\"><span style=\"font-size: 14pt;\">TCF Canada: Livres de pr\u00e9paration<\/span><\/a><\/li>\n<li><a href=\"https:\/\/www.tcfca.com\/tcf-canada-sujets\/\"><span style=\"font-size: 14pt;\">Ma\u00eetriser Le TCF Canada des id\u00e9es pour l&rsquo;expression \u00e9crite et orale t\u00e2che 3<\/span><\/a><\/li>\n<\/ul>\n<h2>Conclusion<\/h2>\n<p><span style=\"font-size: 14pt;\">L&rsquo;\u00e9preuve d&rsquo;expression \u00e9crite du TCF Canada mesure avec une grande pr\u00e9cision vos capacit\u00e9s \u00e0 communiquer par \u00e9crit en fran\u00e7ais, une comp\u00e9tence cruciale pour pouvoir s&rsquo;int\u00e9grer au Canada. En saisissant la structure de l&rsquo;\u00e9preuve, les \u00e9l\u00e9ments cl\u00e9s d&rsquo;\u00e9valuation et en vous pr\u00e9parant d&rsquo;une mani\u00e8re r\u00e9guli\u00e8re avec des exercices pratiques, vous optimisez vos chances d&rsquo;atteindre le niveau n\u00e9cessaire pour votre projet d&rsquo;immigration.<\/span><\/p>\n<p><span style=\"font-size: 14pt;\">La secret du succ\u00e8s est une pr\u00e9paration m\u00e9thodique et r\u00e9guli\u00e8re, alors entra\u00eenez-vous \u00e0 r\u00e9diger diff\u00e9rents genres de textes tout en respectant les entraves de temps et de format, enrichissez votre bagage lexical et ma\u00eetrisez les structures grammaticales essentielles.<\/span><\/p>\n<p><span style=\"font-size: 14pt;\">N&rsquo;oubliez pas que cette \u00e9preuve mesure avant toute chose , votre capacit\u00e9 \u00e0 communiquer nettement en fran\u00e7ais \u00e9crit, plut\u00f4t que votre niveau de maitrise grammaticale. Soyez donc Concentrer sur la clart\u00e9 de votre production, la concordance de vos id\u00e9es et la convenance de vos propos par rapport aux instructions donn\u00e9es.<\/span><\/p>\n<p><span style=\"font-size: 14pt;\">Bonne chance dans votre projet d&rsquo;immigration au Canada<\/span><\/p>\n<p>&nbsp;<\/p>\n<ul>\n<li><span style=\"font-size: 14pt;\"><strong>Notre Groupe FaceBook<\/strong>:<\/span><\/li>\n<\/ul>\n<p><a href=\"https:\/\/www.facebook.com\/groups\/TCF.Canada.preparation\" target=\"_blank\" rel=\"noopener\">https:\/\/www.facebook.com\/groups\/TCF.Canada.preparation<\/a><\/p>\n<p>&nbsp;<\/p>\n<ul>\n<li><strong><span style=\"font-size: 14pt;\">Expression Orale:<\/span><\/strong><\/li>\n<\/ul>\n<blockquote class=\"wp-embedded-content\" data-secret=\"CJykFCAFzA\"><p><a href=\"https:\/\/www.tcfca.com\/se-preparer\/tcf-canada-expression-orale\/\">TCF Canada Expression Orale 2026<\/a><\/p><\/blockquote>\n<p><iframe class=\"wp-embedded-content\" sandbox=\"allow-scripts\" security=\"restricted\" style=\"position: absolute; visibility: hidden;\" title=\"&#8220;TCF Canada Expression Orale 2026&#8221; &#8212; TCF Canada - Se pr\u00e9parer en Ligne\" src=\"https:\/\/www.tcfca.com\/se-preparer\/tcf-canada-expression-orale\/embed\/#?secret=RnETLHNTU9#?secret=CJykFCAFzA\" data-secret=\"CJykFCAFzA\" width=\"500\" height=\"282\" frameborder=\"0\" marginwidth=\"0\" marginheight=\"0\" scrolling=\"no\"><\/iframe><\/p>\n<p>&nbsp;<\/p>\n<h2>Foire Aux Questions (FAQ):<\/h2>\n<div id=\"rank-math-rich-snippet-wrapper\"><div id=\"rank-math-faq\" class=\"rank-math-block\">\n<div class=\"rank-math-list \">\n<div id=\"faq-1\" class=\"rank-math-list-item\">\n<h3 class=\"rank-math-question \">l\u2019\u00c9preuve d\u2019Expression \u00c9crite du TCF Canada, il s\u2019agit de quoi?<\/h3>\n<div class=\"rank-math-answer \">\n\n<p>Il s\u2019agit d\u2019une \u00e9preuve qui teste la capacit\u00e9 du candidat \u00e0 r\u00e9diger des textes en fran\u00e7ais dans des contextes divers. Cette comp\u00e9tence est indispensable pour l\u2019int\u00e9gration future au sein de la soci\u00e9t\u00e9 canadienne. C'est l'une des quatre comp\u00e9tences linguistiques \u00e9valu\u00e9es par l'IRCC (Immigration, R\u00e9fugi\u00e9s et Citoyennet\u00e9 Canada).<\/p>\n\n<\/div>\n<\/div>\n<div id=\"faq-2\" class=\"rank-math-list-item\">\n<h3 class=\"rank-math-question \">Quelle est l'importance de l'expression \u00e9crite pour l\u2019Immigration au Canada ?<\/h3>\n<div class=\"rank-math-answer \">\n\n<p>Les r\u00e9sultats du TCF Canada sont convertis en Niveaux de Comp\u00e9tence Linguistique Canadiens (NCLC). Un niveau minimum, souvent NCLC 7 (B2), est exig\u00e9 pour la plupart des programmes d'immigration \u00e9conomique comme l'Entr\u00e9e Express. Des scores \u00e9lev\u00e9s en expression \u00e9crite peuvent augmenter de mani\u00e8re significative les points d'un candidat dans la grille de s\u00e9lection.<\/p>\n\n<\/div>\n<\/div>\n<div id=\"faq-3\" class=\"rank-math-list-item\">\n<h3 class=\"rank-math-question \">Quels sont le format et la structure de l\u2019\u00e9preuve d\u2019expression \u00e9crite ?<\/h3>\n<div class=\"rank-math-answer \">\n\n<p>L\u2019\u00e9preuve d'expression \u00e9crite dure 60 minutes et se compose de trois t\u00e2ches de r\u00e9daction distinctes \u00e0 difficult\u00e9 progressive. Elle \u00e9value la capacit\u00e9 \u00e0 communiquer, r\u00e9diger et argumenter. Le test se d\u00e9roule sur papier ou sur ordinateur, selon le centre d'examen.<\/p>\n\n<\/div>\n<\/div>\n<div id=\"faq-4\" class=\"rank-math-list-item\">\n<h3 class=\"rank-math-question \">Pourrais-je utiliser un dictionnaire pendant l\u2019\u00e9preuve ?<\/h3>\n<div class=\"rank-math-answer \">\n\n<p>Non, aucun document ni outil, y compris un dictionnaire, n'est autoris\u00e9 durant l'\u00e9preuve d'expression \u00e9crite du TCF Canada.<\/p>\n\n<\/div>\n<\/div>\n<div id=\"faq-5\" class=\"rank-math-list-item\">\n<h3 class=\"rank-math-question \">Comment savoir si j\u2019ai respect\u00e9 le nombre de mots demand\u00e9 ?<\/h3>\n<div class=\"rank-math-answer \">\n\n<p>Il est conseill\u00e9 de s'entra\u00eener \u00e0 compter les mots lors de la pr\u00e9paration. Pendant le test, une estimation suffit. Une marge de tol\u00e9rance de \u00b110% par rapport au nombre de mots requis est g\u00e9n\u00e9ralement accept\u00e9e.<\/p>\n\n<\/div>\n<\/div>\n<div id=\"faq-6\" class=\"rank-math-list-item\">\n<h3 class=\"rank-math-question \">Comment sont \u00e9valu\u00e9es les t\u00e2ches d'expression \u00e9crite ?<\/h3>\n<div class=\"rank-math-answer \">\n\n<p>Chaque copie est \u00e9valu\u00e9e ind\u00e9pendamment par deux correcteurs form\u00e9s par France \u00c9ducation International. En cas d'\u00e9cart de note significatif, une troisi\u00e8me correction est effectu\u00e9e pour garantir l'objectivit\u00e9.<\/p>\n\n<\/div>\n<\/div>\n<div id=\"faq-7\" class=\"rank-math-list-item\">\n<h3 class=\"rank-math-question \">Que se passe-t-il si je ne finis pas les trois t\u00e2ches \u00e0 temps?<\/h3>\n<div class=\"rank-math-answer \">\n\n<p>Il est crucial de bien g\u00e9rer son temps pour terminer les trois t\u00e2ches. Une t\u00e2che non r\u00e9alis\u00e9e recevra la note \u00ab A1 non atteint \u00bb, ce qui impactera n\u00e9gativement votre score global.<\/p>\n\n<\/div>\n<\/div>\n<div id=\"faq-8\" class=\"rank-math-list-item\">\n<h3 class=\"rank-math-question \">Puis-je demander une r\u00e9\u00e9valuation de mon expression \u00e9crite ?<\/h3>\n<div class=\"rank-math-answer \">\n\n<p>Oui, il est possible de demander une r\u00e9\u00e9valuation de vos \u00e9preuves dans un d\u00e9lai d'un mois apr\u00e8s la r\u00e9ception de vos r\u00e9sultats. La demande, qui peut \u00eatre payante, doit \u00eatre faite via votre centre d'examen.<\/p>\n\n<\/div>\n<\/div>\n<\/div>\n<\/div><\/div>\n\t\t<div data-elementor-type=\"section\" data-elementor-id=\"11026\" class=\"elementor elementor-11026\" data-elementor-post-type=\"elementor_library\">\n\t\t\t\t\t<section class=\"elementor-section elementor-top-section elementor-element elementor-element-2e798c3b elementor-section-content-middle elementor-section-boxed elementor-section-height-default elementor-section-height-default\" data-id=\"2e798c3b\" data-element_type=\"section\" data-e-type=\"section\">\n\t\t\t\t\t\t<div class=\"elementor-container elementor-column-gap-default\">\n\t\t\t\t\t<div class=\"elementor-column elementor-col-33 elementor-top-column elementor-element elementor-element-1856ae39\" data-id=\"1856ae39\" data-element_type=\"column\" data-e-type=\"column\" data-settings=\"{&quot;background_background&quot;:&quot;classic&quot;}\">\n\t\t\t<div class=\"elementor-widget-wrap elementor-element-populated\">\n\t\t\t\t\t\t<div class=\"elementor-element elementor-element-5da0a91a elementor-widget elementor-widget-image\" data-id=\"5da0a91a\" data-element_type=\"widget\" data-e-type=\"widget\" data-widget_type=\"image.default\">\n\t\t\t\t<div class=\"elementor-widget-container\">\n\t\t\t\t\t\t\t\t\t\t\t\t\t\t\t<img fetchpriority=\"high\" decoding=\"async\" width=\"400\" height=\"424\" src=\"https:\/\/www.tcfca.com\/se-preparer\/wp-content\/uploads\/2025\/02\/book-CTAz-1-TCF-1.png\" class=\"attachment-full size-full wp-image-11022\" alt=\"\" srcset=\"https:\/\/www.tcfca.com\/se-preparer\/wp-content\/uploads\/2025\/02\/book-CTAz-1-TCF-1.png.webp 400w, https:\/\/www.tcfca.com\/se-preparer\/wp-content\/uploads\/2025\/02\/book-CTAz-1-TCF-1-283x300.png.webp 283w\" sizes=\"(max-width: 400px) 100vw, 400px\" \/>\t\t\t\t\t\t\t\t\t\t\t\t\t\t\t<\/div>\n\t\t\t\t<\/div>\n\t\t\t\t\t<\/div>\n\t\t<\/div>\n\t\t\t\t<div class=\"elementor-column elementor-col-66 elementor-top-column elementor-element elementor-element-1d837ca3\" data-id=\"1d837ca3\" data-element_type=\"column\" data-e-type=\"column\" data-settings=\"{&quot;background_background&quot;:&quot;classic&quot;}\">\n\t\t\t<div class=\"elementor-widget-wrap elementor-element-populated\">\n\t\t\t\t\t\t<section class=\"elementor-section elementor-inner-section elementor-element elementor-element-7db06f9 elementor-section-content-middle elementor-section-boxed elementor-section-height-default elementor-section-height-default\" data-id=\"7db06f9\" data-element_type=\"section\" data-e-type=\"section\">\n\t\t\t\t\t\t<div class=\"elementor-container elementor-column-gap-default\">\n\t\t\t\t\t<div class=\"elementor-column elementor-col-66 elementor-inner-column elementor-element elementor-element-3c135725\" data-id=\"3c135725\" data-element_type=\"column\" data-e-type=\"column\">\n\t\t\t<div class=\"elementor-widget-wrap elementor-element-populated\">\n\t\t\t\t\t\t<div class=\"elementor-element elementor-element-6b0f8796 elementor-widget elementor-widget-image-box\" data-id=\"6b0f8796\" data-element_type=\"widget\" data-e-type=\"widget\" data-widget_type=\"image-box.default\">\n\t\t\t\t<div class=\"elementor-widget-container\">\n\t\t\t\t\t<div class=\"elementor-image-box-wrapper\"><div class=\"elementor-image-box-content\"><h2 class=\"elementor-image-box-title\">Obtenez-le maintenant !<\/h2><p class=\"elementor-image-box-description\">R\u00e9ussissez le TCF Canada avec ce livre d'id\u00e9es incontournable, incluant les derni\u00e8res questions d'examen 2026. <b>Version PDF<\/b><\/p><\/div><\/div>\t\t\t\t<\/div>\n\t\t\t\t<\/div>\n\t\t\t\t\t<\/div>\n\t\t<\/div>\n\t\t\t\t<div class=\"elementor-column elementor-col-33 elementor-inner-column elementor-element elementor-element-532bdc3\" data-id=\"532bdc3\" data-element_type=\"column\" data-e-type=\"column\">\n\t\t\t<div class=\"elementor-widget-wrap elementor-element-populated\">\n\t\t\t\t\t\t<div class=\"elementor-element elementor-element-3efeb6a0 elementor-align-center elementor-invisible elementor-widget elementor-widget-button\" data-id=\"3efeb6a0\" data-element_type=\"widget\" data-e-type=\"widget\" data-settings=\"{&quot;_animation&quot;:&quot;fadeInUp&quot;}\" data-widget_type=\"button.default\">\n\t\t\t\t<div class=\"elementor-widget-container\">\n\t\t\t\t\t\t\t\t\t<div class=\"elementor-button-wrapper\">\n\t\t\t\t\t<a class=\"elementor-button elementor-button-link elementor-size-lg\" href=\"\/tcf-canada-sujets\">\n\t\t\t\t\t\t<span class=\"elementor-button-content-wrapper\">\n\t\t\t\t\t\t<span class=\"elementor-button-icon\">\n\t\t\t\t<i aria-hidden=\"true\" class=\"far fa-arrow-alt-circle-right\"><\/i>\t\t\t<\/span>\n\t\t\t\t\t\t\t\t\t<span class=\"elementor-button-text\">Obtenez-le maintenant!<\/span>\n\t\t\t\t\t<\/span>\n\t\t\t\t\t<\/a>\n\t\t\t\t<\/div>\n\t\t\t\t\t\t\t\t<\/div>\n\t\t\t\t<\/div>\n\t\t\t\t\t<\/div>\n\t\t<\/div>\n\t\t\t\t\t<\/div>\n\t\t<\/section>\n\t\t\t\t\t<\/div>\n\t\t<\/div>\n\t\t\t\t\t<\/div>\n\t\t<\/section>\n\t\t\t\t<\/div>\n\t\t\n","protected":false},"excerpt":{"rendered":"<p>TCF Canada Expression \u00c9crite 2026: Les derniers sujets de l&rsquo;expression \u00e9crite qui se r\u00e9p\u00e8tent : Voici une liste des sujets de l\u2019expression \u00e9crite de l\u2019ann\u00e9e 2026: Banque des sujets du TCF Canada Expression \u00c9crite 2026 pour\u00a0partager les sujets\u00a0de votre session:\u00a0cliquer ici pour rejoindre notre groupe\u00a0facebook:\u00a0cliquer ici pour rejoindre notre groupe\u00a0Telegram:\u00a0cliquer ici Pour Les Sujets de [&hellip;]<\/p>\n","protected":false},"author":1,"featured_media":0,"parent":0,"menu_order":0,"comment_status":"open","ping_status":"closed","template":"","meta":{"site-sidebar-layout":"default","site-content-layout":"default","ast-site-content-layout":"default","site-content-style":"default","site-sidebar-style":"default","ast-global-header-display":"","ast-banner-title-visibility":"","ast-main-header-display":"","ast-hfb-above-header-display":"","ast-hfb-below-header-display":"","ast-hfb-mobile-header-display":"","site-post-title":"","ast-breadcrumbs-content":"","ast-featured-img":"","footer-sml-layout":"","ast-disable-related-posts":"","theme-transparent-header-meta":"default","adv-header-id-meta":"","stick-header-meta":"default","header-above-stick-meta":"","header-main-stick-meta":"","header-below-stick-meta":"","astra-migrate-meta-layouts":"set","ast-page-background-enabled":"default","ast-page-background-meta":{"desktop":{"background-color":"","background-image":"","background-repeat":"repeat","background-position":"center center","background-size":"auto","background-attachment":"scroll","background-type":"","background-media":"","overlay-type":"","overlay-color":"","overlay-opacity":"","overlay-gradient":""},"tablet":{"background-color":"","background-image":"","background-repeat":"repeat","background-position":"center center","background-size":"auto","background-attachment":"scroll","background-type":"","background-media":"","overlay-type":"","overlay-color":"","overlay-opacity":"","overlay-gradient":""},"mobile":{"background-color":"","background-image":"","background-repeat":"repeat","background-position":"center center","background-size":"auto","background-attachment":"scroll","background-type":"","background-media":"","overlay-type":"","overlay-color":"","overlay-opacity":"","overlay-gradient":""}},"ast-content-background-meta":{"desktop":{"background-color":"var(--ast-global-color-5)","background-image":"","background-repeat":"repeat","background-position":"center center","background-size":"auto","background-attachment":"scroll","background-type":"","background-media":"","overlay-type":"","overlay-color":"","overlay-opacity":"","overlay-gradient":""},"tablet":{"background-color":"var(--ast-global-color-5)","background-image":"","background-repeat":"repeat","background-position":"center center","background-size":"auto","background-attachment":"scroll","background-type":"","background-media":"","overlay-type":"","overlay-color":"","overlay-opacity":"","overlay-gradient":""},"mobile":{"background-color":"var(--ast-global-color-5)","background-image":"","background-repeat":"repeat","background-position":"center center","background-size":"auto","background-attachment":"scroll","background-type":"","background-media":"","overlay-type":"","overlay-color":"","overlay-opacity":"","overlay-gradient":""}},"footnotes":""},"class_list":["post-4286","page","type-page","status-publish","hentry"],"_links":{"self":[{"href":"https:\/\/www.tcfca.com\/se-preparer\/wp-json\/wp\/v2\/pages\/4286","targetHints":{"allow":["GET"]}}],"collection":[{"href":"https:\/\/www.tcfca.com\/se-preparer\/wp-json\/wp\/v2\/pages"}],"about":[{"href":"https:\/\/www.tcfca.com\/se-preparer\/wp-json\/wp\/v2\/types\/page"}],"author":[{"embeddable":true,"href":"https:\/\/www.tcfca.com\/se-preparer\/wp-json\/wp\/v2\/users\/1"}],"replies":[{"embeddable":true,"href":"https:\/\/www.tcfca.com\/se-preparer\/wp-json\/wp\/v2\/comments?post=4286"}],"version-history":[{"count":4,"href":"https:\/\/www.tcfca.com\/se-preparer\/wp-json\/wp\/v2\/pages\/4286\/revisions"}],"predecessor-version":[{"id":15567,"href":"https:\/\/www.tcfca.com\/se-preparer\/wp-json\/wp\/v2\/pages\/4286\/revisions\/15567"}],"wp:attachment":[{"href":"https:\/\/www.tcfca.com\/se-preparer\/wp-json\/wp\/v2\/media?parent=4286"}],"curies":[{"name":"wp","href":"https:\/\/api.w.org\/{rel}","templated":true}]}}